{"id":947,"date":"2026-03-01T09:50:56","date_gmt":"2026-03-01T09:50:56","guid":{"rendered":"https:\/\/unispourtous.fr\/?page_id=947"},"modified":"2026-03-01T09:51:22","modified_gmt":"2026-03-01T09:51:22","slug":"newsletter2","status":"publish","type":"page","link":"https:\/\/unispourtous.fr\/index.php\/newsletter2\/","title":{"rendered":"NewsLetter2"},"content":{"rendered":"\t\t<div data-elementor-type=\"wp-page\" data-elementor-id=\"947\" class=\"elementor elementor-947\" data-elementor-post-type=\"page\">\n\t\t\t\t<div class=\"elementor-element elementor-element-5ecb562 e-flex e-con-boxed e-con e-parent\" data-id=\"5ecb562\" data-element_type=\"container\">\n\t\t\t\t\t<div class=\"e-con-inner\">\n\t\t\t\t<div class=\"elementor-element elementor-element-93790f1 elementor-widget elementor-widget-heading\" data-id=\"93790f1\" data-element_type=\"widget\" data-widget_type=\"heading.default\">\n\t\t\t\t\t<h2 class=\"elementor-heading-title elementor-size-default\">EDITO<\/h2>\t\t\t\t<\/div>\n\t\t\t\t\t<\/div>\n\t\t\t\t<\/div>\n\t\t<div class=\"elementor-element elementor-element-0dadbba e-flex e-con-boxed e-con e-parent\" data-id=\"0dadbba\" data-element_type=\"container\">\n\t\t\t\t\t<div class=\"e-con-inner\">\n\t\t\t\t<div class=\"elementor-element elementor-element-aaa0bdf elementor-widget elementor-widget-text-editor\" data-id=\"aaa0bdf\" data-element_type=\"widget\" data-widget_type=\"text-editor.default\">\n\t\t\t\t\t\t\t\t\t<p>Sous le vernis du bilan de la droite sortante, il y a la r\u00e9alit\u00e9, celle de sa n\u00e9gligence \u00e0 travailler sur le fond de certains dossiers indispensables \u00e0 la coh\u00e9sion sociale et au bien vivre: la solidarit\u00e9, le commerce et les mobilit\u00e9s.<\/p><div dir=\"auto\">Nous prendrons \u00e0 bras le corps ces sujets pour r\u00e9pondre aux besoins du quotidien.<\/div><div dir=\"auto\">\u00a0<\/div><h3 dir=\"auto\"><strong>Solidarit\u00e9s et habitat : prot\u00e9ger les plus fragiles, garantir la dignit\u00e9<\/strong><\/h3><div dir=\"auto\">La solidarit\u00e9 est au c\u0153ur de l\u2019action municipale. Face \u00e0 la pr\u00e9carit\u00e9 qui progresse, aux difficult\u00e9s d\u2019acc\u00e8s aux droits, \u00e0 la crise du logement et \u00e0 l\u2019augmentation des charges, la commune doit \u00eatre un point d\u2019appui solide pour les habitants. Certaines r\u00e9ponses rel\u00e8vent du logement et de l\u2019habitat. D\u2019autres concernent l\u2019acc\u00e8s aux droits, l\u2019accompagnement social, l\u2019alimentation ou la protection des personnes vuln\u00e9rables. Notre ambition est d\u2019agir sur l\u2019ensemble de ces leviers, avec une action coordonn\u00e9e, lisible et efficace.<\/div><div dir=\"auto\">\u00a0<\/div><h5 dir=\"auto\"><strong>\u2192 En renfor\u00e7ant l\u2019action du CCAS<\/strong><\/h5><div dir=\"auto\">Nous ferons du Centre Communal d\u2019Action Sociale un v\u00e9ritable guichet unique d\u2019accompagnement social, prenant en compte tous les \u00e9l\u00e9ments contenus dans l\u2019analyse des besoins sociaux qui pose le diagnostic social de la ville. Il assurera un suivi coordonn\u00e9 des probl\u00e9matiques de logement, de sant\u00e9, d\u2019aide \u00e0 domicile, d\u2019insertion et d\u2019acc\u00e8s aux droits. L\u2019objectif est d\u2019\u00e9viter les ruptures de parcours et autant que possible de simplifier la r\u00e9alisation des d\u00e9marches pour les habitantes et habitants. Nous y int\u00e9grerons un dispositif de pr\u00e9vention des impay\u00e9s, afin d\u2019anticiper les difficult\u00e9s financi\u00e8res avant qu\u2019elles ne conduisent \u00e0 des situations d\u2019expulsion ou de surendettement. Des permanences du Planning Familial y seront propos\u00e9es, ainsi que des actions d\u2019information et de pr\u00e9vention accessibles \u00e0 tous.<\/div><h5 dir=\"auto\">\u00a0<\/h5><h5 dir=\"auto\"><strong>\u2192 En cr\u00e9ant un statut communal en faveur des familles monoparentales<\/strong><\/h5><div dir=\"auto\">Nous organiserons un statut communal de la famille monoparentale afin de reconna\u00eetre et soutenir les parents isol\u00e9s et leurs enfants. Il ne s\u2019agira pas de cr\u00e9er de nouveaux dispositifs, il s\u2019agira de les adapter \u00e0 cette r\u00e9alit\u00e9 qui concerne plus de 25% des familles de la commune. Parce qu\u2019\u00e9lever en solo un enfant ne doit pas rimer avec isolement ou pr\u00e9carit\u00e9, la commune sera pr\u00e9sente \u00e0 leurs c\u00f4t\u00e9s.<\/div><div dir=\"auto\">\u00a0<\/div><h5 dir=\"auto\"><strong>\u2192 En prot\u00e9geant les personnes vuln\u00e9rables<\/strong><\/h5><div dir=\"auto\">Nous d\u00e9velopperons des logements d\u2019urgence et un centre d\u2019accueil de jour pour les personnes en situation de grande pr\u00e9carit\u00e9 et les femmes victimes de violences.<\/div><div dir=\"auto\">\u00a0<\/div><h5 dir=\"auto\"><strong>\u2192 En luttant contre l\u2019habitat indigne et garantir l\u2019\u00e9quit\u00e9<\/strong><\/h5><div dir=\"auto\">Nous instaurerons les dispositifs de d\u00e9claration pr\u00e9alable de mise en location et le \u201cpermis de louer\u201d, avec l\u2019appui de l\u2019agglom\u00e9ration, afin de lutter efficacement contre l\u2019habitat indigne et les marchands de sommeil. Nous renforcerons la transparence dans l\u2019attribution des logements sociaux et soutiendrons les amicales de locataires, acteurs essentiels du dialogue et de la d\u00e9fense des droits des habitants.<\/div><h3 dir=\"auto\">\u00a0<\/h3><h3 dir=\"auto\">Commerces, mobilit\u00e9s : pour un am\u00e9nagement au service des transitions !<\/h3><div dir=\"auto\">Commerces et mobilit\u00e9s ne sont pas deux politiques juxtapos\u00e9es. Une ville tient par ses d\u00e9placements ordinaires et par ses commerces de proximit\u00e9. Quand l\u2019un faiblit, l\u2019autre recule. Quand les deux sont pens\u00e9s ensemble, la ville retrouve de la coh\u00e9rence, de l\u2019activit\u00e9 et de la pr\u00e9sence humaine. Nous entendons proposer l\u2019organisation des mobilit\u00e9s pour soutenir l\u2019activit\u00e9 locale. Les projets d\u2019am\u00e9nagement engagent durablement nos quartiers et doivent r\u00e9pondre aux besoins quotidiens des\u00a0habitant.es\u00a0: ils doivent \u00eatre r\u00e9fl\u00e9chis \u00e0 court terme comme pour les trente prochaines ann\u00e9es.<\/div><div dir=\"auto\">\u00a0<\/div><h5 dir=\"auto\"><strong>\u2192 En renfor\u00e7ant les p\u00f4les de commerce d\u00e9j\u00e0 existants<\/strong><\/h5><div dir=\"auto\">En plus d\u2019une action r\u00e9solue pour renforcer l\u2019ensemble de des p\u00f4les de commerces (aux Gen\u00eats, Lormoy, Bellevue, Quartier ancien) en diversifiant les activit\u00e9s notamment, nous demanderons \u00e0 C\u0153ur d\u2019Essonne Agglom\u00e9ration de mettre en \u0153uvre l&rsquo; outil pr\u00e9vu \u00e0 cet effet pour traiter les cellules commerciales vides, en proposant des aides \u00e0 l\u2019installation de nouveaux commerces.<\/div><div dir=\"auto\">Dans une ville de plus de 20 000 habitants, il est essentiel de proposer un v\u00e9ritable march\u00e9 alimentaire, et la r\u00e9alisation \u00e0 terme d\u2019une halle d\u00e9di\u00e9e.<\/div><div dir=\"auto\">\u00a0<\/div><h5 dir=\"auto\"><strong>\u2192 En soutenant une \u00e9conomie locale, utile et solidaire<\/strong><\/h5><div dir=\"auto\">Parce que l\u2019\u00e9conomie sociale et solidaire est un levier de transition et de coh\u00e9sion, nous structurerons un p\u00f4le rassemblant des initiatives concr\u00e8tes : la ressourcerie, le repair caf\u00e9, ainsi que des dispositifs favorisant une alimentation locale et de qualit\u00e9 accessible, qui mettent en lien direct producteurs et habitants.<\/div><div dir=\"auto\">Enfin, nous soutiendrons la cr\u00e9ation d\u2019une association de commer\u00e7ants afin de renforcer les dynamiques collectives, avec un objectif clair : soutenir les initiatives locales, l\u2019emploi de proximit\u00e9 et les circuits courts. En ce sens, nous proposerons aux commer\u00e7ants de s\u2019associer aux \u00e9v\u00e9nements de la ville.<\/div><h5 dir=\"auto\">\u00a0<\/h5><h5 dir=\"auto\"><strong>\u2192 En \u00e9laborant un nouveau plan de circulation pour revoir les mobilit\u00e9s<\/strong><\/h5><div dir=\"auto\">La mobilit\u00e9 est un droit : toutes ses formes de mobilit\u00e9s doivent \u00eatre respect\u00e9es et prises en compte. Nous \u00e9laborerons avec vous un nouveau plan de circulation qui permettra de traiter l\u2019ensemble des questions : la place des pi\u00e9tons, des mobilit\u00e9s actives, de la voiture, de la vitesse de circulation, des sentes pi\u00e9tonnes, des aires de covoiturage et des places de stationnement\u2026 Dans le cadre de ce sch\u00e9ma, nous traiterons concomitamment l\u2019accessibilit\u00e9 pour les personnes en situation de handicap, et un plan v\u00e9lo qui s\u2019inscrira dans celui port\u00e9 \u00e0 l\u2019\u00e9chelle de l\u2019agglom\u00e9ration pour faciliter les d\u00e9placements entre les communes du territoire.<\/div><div dir=\"auto\">L\u2019utilisation des transports en commun doit aussi \u00eatre renforc\u00e9e. Au-del\u00e0 des lignes de bus, nous savons la gal\u00e8re des usagers du RER C. Nous serons de toutes les mobilisations pour renforcer son offre et sa r\u00e9gularit\u00e9, car les habitants de nos villes de banlieue ont le droit \u00e0 des transports efficaces.<\/div><div dir=\"auto\">\u00a0<\/div><h3 dir=\"auto\">Comment penser Saint-Michel sans penser \u00e0 son centre commercial ?<\/h3><div dir=\"auto\">Grand Bois p\u00e9riclite depuis de nombreuses ann\u00e9es maintenant. Par le pass\u00e9, il a accueilli de nombreux commerces, des services et m\u00eame des lieux de rencontres. Aujourd\u2019hui, l\u2019hypermarch\u00e9 a ferm\u00e9 et la galerie marchande ne compte quasiment plus de commerces.<\/div><div dir=\"auto\">Pire encore, la situation fonci\u00e8re est inextricable : la copropri\u00e9t\u00e9 cumule \u00e0 ce jour plus de 2,7 millions d\u2019euros de dettes. La Maire a r\u00e9cemment fait voter en Conseil municipal l\u2019acquisition d\u2019un grand nombre des cellules commerciales du rez-de-chauss\u00e9e \u00e0 l\u2019euro symbolique, en \u00e9change de l\u2019ouverture hypoth\u00e9tique d\u2019une nouvelle enseigne au premier \u00e9tage.<\/div><div dir=\"auto\">Si tout cela reste incertain, c\u2019est parce qu\u2019il manque d\u2019une vision globale du devenir de la zone dans son ensemble.<\/div><div dir=\"auto\">\u00a0<\/div><div dir=\"auto\">Nous proposons d\u2019agir en 2 \u00e9tapes :<\/div><h5 dir=\"auto\"><strong>\u2192 r\u00e9pondre \u00e0 l\u2019urgence et \u00e0 remettre de la vie : nous nous mobiliserons pour rouvrir un supermarch\u00e9<\/strong>,<\/h5><div dir=\"auto\">quitte \u00e0 en r\u00e9duire la surface commerciale, et nous installerons un p\u00f4le de services publics. Celui-ci sera compos\u00e9 du bureau de police municipale, de la maison des associations et initiatives citoyennes, un p\u00f4le de l\u2019\u00e9conomie sociale et solidaire, le dispositif de r\u00e9ussite \u00e9ducative et de soutien \u00e0 la parentalit\u00e9 ou encore un centre de sant\u00e9. Nous demanderons \u00e9galement \u00e0 l\u2019\u00c9tat d\u2019installer un guichet France Services pour faciliter l\u2019acc\u00e8s aux droits et les d\u00e9marches.<\/div><div dir=\"auto\">\u00a0<\/div><h5 dir=\"auto\"><strong>\u2192 r\u00e9fl\u00e9chir \u00e0 ce que pourrait \u00eatre l\u2019avenir de cette zone dans son ensemble : le centre commercial \u00e9videmment, mais plus largement, les parking d\u00e9t\u00e9rior\u00e9s<\/strong>,<\/h5><div dir=\"auto\">y compris la partie inond\u00e9e, les espaces publics attenants, et les terrains qui se situent \u00e0 l\u2019arri\u00e8re du coll\u00e8ge Boileau. D\u00e8s le d\u00e9but du mandat, nous m\u00e8nerons une grande concertation, et d\u00e9finirons avec vous l\u2019avenir de notre ville \u00e0 long terme.<\/div><h5 dir=\"auto\">\u00a0<\/h5><h5 dir=\"auto\"><strong>L\u2019objectif est de faire de cet espace un lieu qui r\u00e9unit toute la ville autour d\u2019une nouvelle polarit\u00e9 commerciale. Et surtout de sortir de l\u2019inertie.<\/strong><\/h5>\t\t\t\t\t\t\t\t<\/div>\n\t\t\t\t\t<\/div>\n\t\t\t\t<\/div>\n\t\t<div class=\"elementor-element elementor-element-4793dfc e-flex e-con-boxed e-con e-parent\" data-id=\"4793dfc\" data-element_type=\"container\">\n\t\t\t\t\t<div class=\"e-con-inner\">\n\t\t\t\t<div class=\"elementor-element elementor-element-931aac0 elementor-widget elementor-widget-text-editor\" data-id=\"931aac0\" data-element_type=\"widget\" data-widget_type=\"text-editor.default\">\n\t\t\t\t\t\t\t\t\t<p><b>VOUS ETES ABSENT.E LE 15 MARS ?<\/b><\/p><p><b>PENSEZ A VOTRE PROCURATION<\/b><\/p>\t\t\t\t\t\t\t\t<\/div>\n\t\t\t\t\t<\/div>\n\t\t\t\t<\/div>\n\t\t<div class=\"elementor-element elementor-element-31b9b70 e-flex e-con-boxed e-con e-parent\" data-id=\"31b9b70\" data-element_type=\"container\">\n\t\t\t\t\t<div class=\"e-con-inner\">\n\t\t\t\t<div class=\"elementor-element elementor-element-7838d12 elementor-widget elementor-widget-image\" data-id=\"7838d12\" data-element_type=\"widget\" data-widget_type=\"image.default\">\n\t\t\t\t\t\t\t\t\t\t\t\t\t\t\t<img fetchpriority=\"high\" decoding=\"async\" width=\"300\" height=\"170\" src=\"https:\/\/unispourtous.fr\/wp-content\/uploads\/2026\/02\/NewsLetter2-2-300x170.png\" class=\"attachment-medium size-medium wp-image-898\" alt=\"\" srcset=\"https:\/\/unispourtous.fr\/wp-content\/uploads\/2026\/02\/NewsLetter2-2-300x170.png 300w, https:\/\/unispourtous.fr\/wp-content\/uploads\/2026\/02\/NewsLetter2-2.png 460w\" sizes=\"(max-width: 300px) 100vw, 300px\" \/>\t\t\t\t\t\t\t\t\t\t\t\t\t\t\t<\/div>\n\t\t\t\t\t<\/div>\n\t\t\t\t<\/div>\n\t\t<div class=\"elementor-element elementor-element-0220e9f e-flex e-con-boxed e-con e-parent\" data-id=\"0220e9f\" data-element_type=\"container\">\n\t\t\t\t\t<div class=\"e-con-inner\">\n\t\t\t\t<div class=\"elementor-element elementor-element-a6763e9 elementor-widget elementor-widget-text-editor\" data-id=\"a6763e9\" data-element_type=\"widget\" data-widget_type=\"text-editor.default\">\n\t\t\t\t\t\t\t\t\t<h6><strong>1.<\/strong> Contactez-nous par mail <a href=\"mailto:proc.uptous@orange.fr\" target=\"_blank\" rel=\"noopener\">proc.uptous@orange.fr<\/a> en indiquant votre <strong>nom, adresse<\/strong> et <strong>bureau de vote<\/strong><\/h6><h6><strong>2.<\/strong> Nous vous enverrons les coordonn\u00e9es de la personne qui pourra voter pour vous<\/h6><h6><strong>3.<\/strong> Vous pourrez ensuite effectuer votre demande de procuration<\/h6>\t\t\t\t\t\t\t\t<\/div>\n\t\t\t\t\t<\/div>\n\t\t\t\t<\/div>\n\t\t<div class=\"elementor-element elementor-element-144831b e-flex e-con-boxed e-con e-parent\" data-id=\"144831b\" data-element_type=\"container\">\n\t\t\t\t\t<div class=\"e-con-inner\">\n\t\t\t\t<div class=\"elementor-element elementor-element-fcb007a elementor-widget elementor-widget-text-editor\" data-id=\"fcb007a\" data-element_type=\"widget\" data-widget_type=\"text-editor.default\">\n\t\t\t\t\t\t\t\t\t<p><strong>RETROUVEZ-NOUS POUR ECHANGER<\/strong><\/p><p>MERCREDI 11 MARS &#8211; 20h<\/p><p>SALLE BERLIOZ\u00a0<\/p><p>Pr\u00e9sentation du programme, de la liste, \u00e9changes avec vous<\/p>\t\t\t\t\t\t\t\t<\/div>\n\t\t\t\t\t<\/div>\n\t\t\t\t<\/div>\n\t\t<div class=\"elementor-element elementor-element-965913e e-flex e-con-boxed e-con e-parent\" data-id=\"965913e\" data-element_type=\"container\">\n\t\t\t\t\t<div class=\"e-con-inner\">\n\t\t\t\t<div class=\"elementor-element elementor-element-e9e56c3 elementor-widget elementor-widget-image\" data-id=\"e9e56c3\" data-element_type=\"widget\" data-widget_type=\"image.default\">\n\t\t\t\t\t\t\t\t\t\t\t\t\t\t\t<img decoding=\"async\" width=\"300\" height=\"200\" src=\"https:\/\/unispourtous.fr\/wp-content\/uploads\/2026\/02\/reunion-publique-300x200.jpg\" class=\"attachment-medium size-medium wp-image-936\" alt=\"\" srcset=\"https:\/\/unispourtous.fr\/wp-content\/uploads\/2026\/02\/reunion-publique-300x200.jpg 300w, https:\/\/unispourtous.fr\/wp-content\/uploads\/2026\/02\/reunion-publique-768x512.jpg 768w, https:\/\/unispourtous.fr\/wp-content\/uploads\/2026\/02\/reunion-publique.jpg 900w\" sizes=\"(max-width: 300px) 100vw, 300px\" \/>\t\t\t\t\t\t\t\t\t\t\t\t\t\t\t<\/div>\n\t\t\t\t\t<\/div>\n\t\t\t\t<\/div>\n\t\t<div class=\"elementor-element elementor-element-04a43ae e-flex e-con-boxed e-con e-parent\" data-id=\"04a43ae\" data-element_type=\"container\">\n\t\t\t\t\t<div class=\"e-con-inner\">\n\t\t\t\t<div class=\"elementor-element elementor-element-a84fbb0 elementor-widget elementor-widget-text-editor\" data-id=\"a84fbb0\" data-element_type=\"widget\" data-widget_type=\"text-editor.default\">\n\t\t\t\t\t\t\t\t\t<p><b>LES <a href=\"https:\/\/unispourtous.fr\/wp-admin\/admin-ajax.php?action=tnptr&amp;nltr=NTsxMztodHRwczovL3VuaXNwb3VydG91cy5mci9pbmRleC5waHAvY2hhbnNvbnMvOzs2NDQxMDQzNTU3N2IxZTNiYmM1ZTc5MGRjMmUyMTAyNw%3D%3D\" target=\"_blank\" rel=\"noopener\">NOUVELLES CHANSONS<\/a> DE NOTRE CHORALE EPHEMERE<\/b><\/p>\t\t\t\t\t\t\t\t<\/div>\n\t\t\t\t\t<\/div>\n\t\t\t\t<\/div>\n\t\t\t\t<\/div>\n\t\t","protected":false},"excerpt":{"rendered":"<p>EDITO Sous le vernis du bilan de la droite sortante, il y a la r\u00e9alit\u00e9, celle de sa n\u00e9gligence \u00e0 travailler sur le fond de certains dossiers indispensables \u00e0 la coh\u00e9sion sociale et au bien vivre: la solidarit\u00e9, le commerce et les mobilit\u00e9s. Nous prendrons \u00e0 bras le corps ces sujets pour r\u00e9pondre aux besoins [&hellip;]<\/p>\n","protected":false},"author":1,"featured_media":0,"parent":0,"menu_order":0,"comment_status":"closed","ping_status":"closed","template":"","meta":{"footnotes":""},"class_list":["post-947","page","type-page","status-publish","hentry"],"_links":{"self":[{"href":"https:\/\/unispourtous.fr\/index.php\/wp-json\/wp\/v2\/pages\/947","targetHints":{"allow":["GET"]}}],"collection":[{"href":"https:\/\/unispourtous.fr\/index.php\/wp-json\/wp\/v2\/pages"}],"about":[{"href":"https:\/\/unispourtous.fr\/index.php\/wp-json\/wp\/v2\/types\/page"}],"author":[{"embeddable":true,"href":"https:\/\/unispourtous.fr\/index.php\/wp-json\/wp\/v2\/users\/1"}],"replies":[{"embeddable":true,"href":"https:\/\/unispourtous.fr\/index.php\/wp-json\/wp\/v2\/comments?post=947"}],"version-history":[{"count":10,"href":"https:\/\/unispourtous.fr\/index.php\/wp-json\/wp\/v2\/pages\/947\/revisions"}],"predecessor-version":[{"id":957,"href":"https:\/\/unispourtous.fr\/index.php\/wp-json\/wp\/v2\/pages\/947\/revisions\/957"}],"wp:attachment":[{"href":"https:\/\/unispourtous.fr\/index.php\/wp-json\/wp\/v2\/media?parent=947"}],"curies":[{"name":"wp","href":"https:\/\/api.w.org\/{rel}","templated":true}]}}