{"id":889,"date":"2026-02-23T21:53:27","date_gmt":"2026-02-23T21:53:27","guid":{"rendered":"https:\/\/unispourtous.fr\/?page_id=889"},"modified":"2026-02-23T21:54:00","modified_gmt":"2026-02-23T21:54:00","slug":"newsletter0","status":"publish","type":"page","link":"https:\/\/unispourtous.fr\/index.php\/newsletter0\/","title":{"rendered":"NewsLetter0"},"content":{"rendered":"\t\t<div data-elementor-type=\"wp-page\" data-elementor-id=\"889\" class=\"elementor elementor-889\" data-elementor-post-type=\"page\">\n\t\t\t\t<div class=\"elementor-element elementor-element-7d7261f e-flex e-con-boxed e-con e-parent\" data-id=\"7d7261f\" data-element_type=\"container\">\n\t\t\t\t\t<div class=\"e-con-inner\">\n\t\t\t\t<div class=\"elementor-element elementor-element-7a965a8 elementor-widget elementor-widget-text-editor\" data-id=\"7a965a8\" data-element_type=\"widget\" data-widget_type=\"text-editor.default\">\n\t\t\t\t\t\t\t\t\t<p>EVENEMENT &#8211; ST MICHEL<\/p><p><strong>Samedi 7 f\u00e9vrier 10h<\/strong><\/p><p>D\u00e9ambulation engag\u00e9e,<\/p><p>artistiquement accompagn\u00e9e !<\/p>\t\t\t\t\t\t\t\t<\/div>\n\t\t\t\t\t<\/div>\n\t\t\t\t<\/div>\n\t\t<div class=\"elementor-element elementor-element-f1247aa e-flex e-con-boxed e-con e-parent\" data-id=\"f1247aa\" data-element_type=\"container\">\n\t\t\t\t\t<div class=\"e-con-inner\">\n\t\t\t\t<div class=\"elementor-element elementor-element-7f9f118 elementor-widget elementor-widget-text-editor\" data-id=\"7f9f118\" data-element_type=\"widget\" data-widget_type=\"text-editor.default\">\n\t\t\t\t\t\t\t\t\t<p>Venez\u00a0partager ce moment d&rsquo;\u00e9changes et d&rsquo;engagement dans une ambiance convivale pour une culture accessible \u00e0 tous et toutes.<\/p>\t\t\t\t\t\t\t\t<\/div>\n\t\t\t\t\t<\/div>\n\t\t\t\t<\/div>\n\t\t<div class=\"elementor-element elementor-element-b74cb80 e-flex e-con-boxed e-con e-parent\" data-id=\"b74cb80\" data-element_type=\"container\">\n\t\t\t\t\t<div class=\"e-con-inner\">\n\t\t\t\t<div class=\"elementor-element elementor-element-38cb304 elementor-widget elementor-widget-image\" data-id=\"38cb304\" data-element_type=\"widget\" data-widget_type=\"image.default\">\n\t\t\t\t\t\t\t\t\t\t\t\t\t\t\t<img fetchpriority=\"high\" decoding=\"async\" width=\"300\" height=\"200\" src=\"https:\/\/unispourtous.fr\/wp-content\/uploads\/2026\/02\/Sans-titre-4-300x200.png\" class=\"attachment-medium size-medium wp-image-439\" alt=\"\" srcset=\"https:\/\/unispourtous.fr\/wp-content\/uploads\/2026\/02\/Sans-titre-4-300x200.png 300w, https:\/\/unispourtous.fr\/wp-content\/uploads\/2026\/02\/Sans-titre-4.png 600w\" sizes=\"(max-width: 300px) 100vw, 300px\" \/>\t\t\t\t\t\t\t\t\t\t\t\t\t\t\t<\/div>\n\t\t\t\t\t<\/div>\n\t\t\t\t<\/div>\n\t\t<div class=\"elementor-element elementor-element-ba68cdf e-flex e-con-boxed e-con e-parent\" data-id=\"ba68cdf\" data-element_type=\"container\">\n\t\t\t\t\t<div class=\"e-con-inner\">\n\t\t\t\t<div class=\"elementor-element elementor-element-8635133 elementor-widget elementor-widget-text-editor\" data-id=\"8635133\" data-element_type=\"widget\" data-widget_type=\"text-editor.default\">\n\t\t\t\t\t\t\t\t\t<p><strong>Le parcours :<\/strong><\/p><p>D\u00e9part 10h : Parvis de la Mairie &#8211; Jonglage<\/p><p>10h45 : Boulangerie de la gare &#8211; Graff sur toile<\/p><p>11h15 : Ecole d&rsquo;Arts (Baschet) &#8211; Jonglage\u00a0<\/p><p>11h45 : Centre commercial du BdR &#8211; Chorale<\/p><p>Arriv\u00e9e 12h : Salle Berlioz &#8211; Guitare Chant<\/p><p>La fanfare\u00a0<strong>Les Grooms<\/strong> accompagnera la d\u00e9ambulation !<\/p>\t\t\t\t\t\t\t\t<\/div>\n\t\t\t\t\t<\/div>\n\t\t\t\t<\/div>\n\t\t<div class=\"elementor-element elementor-element-b7f894f e-flex e-con-boxed e-con e-parent\" data-id=\"b7f894f\" data-element_type=\"container\">\n\t\t\t\t\t<div class=\"e-con-inner\">\n\t\t\t\t<div class=\"elementor-element elementor-element-19e354c elementor-widget elementor-widget-image\" data-id=\"19e354c\" data-element_type=\"widget\" data-widget_type=\"image.default\">\n\t\t\t\t\t\t\t\t\t\t\t\t\t\t\t<img decoding=\"async\" width=\"562\" height=\"715\" src=\"https:\/\/unispourtous.fr\/wp-content\/uploads\/2026\/01\/Capture-decran-2026-01-27-191148.png\" class=\"attachment-medium_large size-medium_large wp-image-373\" alt=\"\" srcset=\"https:\/\/unispourtous.fr\/wp-content\/uploads\/2026\/01\/Capture-decran-2026-01-27-191148.png 562w, https:\/\/unispourtous.fr\/wp-content\/uploads\/2026\/01\/Capture-decran-2026-01-27-191148-236x300.png 236w\" sizes=\"(max-width: 562px) 100vw, 562px\" \/>\t\t\t\t\t\t\t\t\t\t\t\t\t\t\t<\/div>\n\t\t\t\t\t<\/div>\n\t\t\t\t<\/div>\n\t\t<div class=\"elementor-element elementor-element-0b3d640 e-flex e-con-boxed e-con e-parent\" data-id=\"0b3d640\" data-element_type=\"container\">\n\t\t\t\t\t<div class=\"e-con-inner\">\n\t\t\t\t<div class=\"elementor-element elementor-element-8da6d23 elementor-widget elementor-widget-text-editor\" data-id=\"8da6d23\" data-element_type=\"widget\" data-widget_type=\"text-editor.default\">\n\t\t\t\t\t\t\t\t\t<p><strong>Intervention politique<\/strong> \u00e0 chaque halte pour partager notre vision du changement.<\/p><p>Discours d&rsquo;<strong>Isabelle Catrain-Goudeau<\/strong>, qui conduit la liste, \u00e0 12h<\/p>\t\t\t\t\t\t\t\t<\/div>\n\t\t\t\t\t<\/div>\n\t\t\t\t<\/div>\n\t\t<div class=\"elementor-element elementor-element-f4ee1d1 e-flex e-con-boxed e-con e-parent\" data-id=\"f4ee1d1\" data-element_type=\"container\">\n\t\t\t\t\t<div class=\"e-con-inner\">\n\t\t\t\t<div class=\"elementor-element elementor-element-82e6967 elementor-widget elementor-widget-text-editor\" data-id=\"82e6967\" data-element_type=\"widget\" data-widget_type=\"text-editor.default\">\n\t\t\t\t\t\t\t\t\t<p><b>NE MANQUEZ PAS NOTRE NOUVEAU TRACT DANS VOTRE BOITE AUX LETTRES<\/b><\/p>\t\t\t\t\t\t\t\t<\/div>\n\t\t\t\t<div class=\"elementor-element elementor-element-346863f elementor-widget elementor-widget-image\" data-id=\"346863f\" data-element_type=\"widget\" data-widget_type=\"image.default\">\n\t\t\t\t\t\t\t\t\t\t\t\t\t\t\t<img decoding=\"async\" width=\"537\" height=\"696\" src=\"https:\/\/unispourtous.fr\/wp-content\/uploads\/2026\/01\/Tract-2-USMPT_260131_131959_1.jpg\" class=\"attachment-large size-large wp-image-404\" alt=\"\" srcset=\"https:\/\/unispourtous.fr\/wp-content\/uploads\/2026\/01\/Tract-2-USMPT_260131_131959_1.jpg 537w, https:\/\/unispourtous.fr\/wp-content\/uploads\/2026\/01\/Tract-2-USMPT_260131_131959_1-231x300.jpg 231w\" sizes=\"(max-width: 537px) 100vw, 537px\" \/>\t\t\t\t\t\t\t\t\t\t\t\t\t\t\t<\/div>\n\t\t\t\t\t<\/div>\n\t\t\t\t<\/div>\n\t\t\t\t<\/div>\n\t\t","protected":false},"excerpt":{"rendered":"<p>EVENEMENT &#8211; ST MICHEL Samedi 7 f\u00e9vrier 10h D\u00e9ambulation engag\u00e9e, artistiquement accompagn\u00e9e ! Venez\u00a0partager ce moment d&rsquo;\u00e9changes et d&rsquo;engagement dans une ambiance convivale pour une culture accessible \u00e0 tous et toutes. Le parcours : D\u00e9part 10h : Parvis de la Mairie &#8211; Jonglage 10h45 : Boulangerie de la gare &#8211; Graff sur toile 11h15 : [&hellip;]<\/p>\n","protected":false},"author":1,"featured_media":0,"parent":0,"menu_order":0,"comment_status":"closed","ping_status":"closed","template":"","meta":{"footnotes":""},"class_list":["post-889","page","type-page","status-publish","hentry"],"_links":{"self":[{"href":"https:\/\/unispourtous.fr\/index.php\/wp-json\/wp\/v2\/pages\/889","targetHints":{"allow":["GET"]}}],"collection":[{"href":"https:\/\/unispourtous.fr\/index.php\/wp-json\/wp\/v2\/pages"}],"about":[{"href":"https:\/\/unispourtous.fr\/index.php\/wp-json\/wp\/v2\/types\/page"}],"author":[{"embeddable":true,"href":"https:\/\/unispourtous.fr\/index.php\/wp-json\/wp\/v2\/users\/1"}],"replies":[{"embeddable":true,"href":"https:\/\/unispourtous.fr\/index.php\/wp-json\/wp\/v2\/comments?post=889"}],"version-history":[{"count":7,"href":"https:\/\/unispourtous.fr\/index.php\/wp-json\/wp\/v2\/pages\/889\/revisions"}],"predecessor-version":[{"id":896,"href":"https:\/\/unispourtous.fr\/index.php\/wp-json\/wp\/v2\/pages\/889\/revisions\/896"}],"wp:attachment":[{"href":"https:\/\/unispourtous.fr\/index.php\/wp-json\/wp\/v2\/media?parent=889"}],"curies":[{"name":"wp","href":"https:\/\/api.w.org\/{rel}","templated":true}]}}