{"id":852,"date":"2026-02-23T21:16:30","date_gmt":"2026-02-23T21:16:30","guid":{"rendered":"https:\/\/unispourtous.fr\/?page_id=852"},"modified":"2026-02-26T06:38:45","modified_gmt":"2026-02-26T06:38:45","slug":"newsletter1","status":"publish","type":"page","link":"https:\/\/unispourtous.fr\/index.php\/newsletter1\/","title":{"rendered":"NewsLetter1"},"content":{"rendered":"\t\t<div data-elementor-type=\"wp-page\" data-elementor-id=\"852\" class=\"elementor elementor-852\" data-elementor-post-type=\"page\">\n\t\t\t\t<div class=\"elementor-element elementor-element-3378809 e-flex e-con-boxed e-con e-parent\" data-id=\"3378809\" data-element_type=\"container\">\n\t\t\t\t\t<div class=\"e-con-inner\">\n\t\t\t\t<div class=\"elementor-element elementor-element-45db806 elementor-widget elementor-widget-text-editor\" data-id=\"45db806\" data-element_type=\"widget\" data-widget_type=\"text-editor.default\">\n\t\t\t\t\t\t\t\t\t<p style=\"margin: 0px 0px 15px !important; caret-color: #222222; color: #222222; font-family: Verdana, Geneva, sans-serif; font-size: 16px; font-style: normal; font-variant-caps: normal; font-weight: 400; letter-spacing: normal; orphans: auto; text-indent: 0px; text-transform: none; white-space: normal; widows: auto; word-spacing: 0px; -webkit-text-stroke-width: 0px; text-decoration: none; text-align: center;\"><span style=\"font-family: verdana, geneva, sans-serif;\"><b>EDITO<\/b><\/span><\/p><p style=\"margin: 0px 0px 15px !important; caret-color: #222222; color: #222222; font-family: Verdana, Geneva, sans-serif; font-size: 16px; font-style: normal; font-variant-caps: normal; font-weight: 400; letter-spacing: normal; orphans: auto; text-indent: 0px; text-transform: none; white-space: normal; widows: auto; word-spacing: 0px; -webkit-text-stroke-width: 0px; text-decoration: none; text-align: justify;\"><span style=\"font-family: verdana, geneva, sans-serif;\">A un peu plus de 3 semaines, la liste des 37 colisti\u00e8res et colistiers de Unis, Saint Michel<span class=\"Apple-converted-space\">\u00a0<\/span><\/span><span style=\"font-family: verdana, geneva, sans-serif;\">pour Tous a \u00e9t\u00e9 d\u00e9pos\u00e9e en sous-pr\u00e9fecture de Palaiseau ce mercredi 18 f\u00e9vrier.<\/span><\/p><p style=\"margin: 0px 0px 15px !important; caret-color: #222222; color: #222222; font-family: Verdana, Geneva, sans-serif; font-size: 16px; font-style: normal; font-variant-caps: normal; font-weight: 400; letter-spacing: normal; orphans: auto; text-indent: 0px; text-transform: none; white-space: normal; widows: auto; word-spacing: 0px; -webkit-text-stroke-width: 0px; text-decoration: none; text-align: justify;\"><span style=\"font-family: verdana, geneva, sans-serif;\">Nous continuons d\u2019aller \u00e0 votre rencontre, car nous avons choisi le dialogue, l\u2019\u00e9coute et le<span class=\"Apple-converted-space\">\u00a0<\/span><\/span><span style=\"font-family: verdana, geneva, sans-serif;\">partage. \u00c0 travers ces rencontres, notre intention est aussi de rappeler certains faits essentiels,<span class=\"Apple-converted-space\">\u00a0<\/span><\/span><span style=\"font-family: verdana, geneva, sans-serif;\">parfois oubli\u00e9s ou m\u00e9connus, afin d\u2019\u00e9clairer et nourrir votre r\u00e9flexion.<\/span><\/p><p style=\"margin: 0px 0px 15px !important; caret-color: #222222; color: #222222; font-family: Verdana, Geneva, sans-serif; font-size: 16px; font-style: normal; font-variant-caps: normal; font-weight: 400; letter-spacing: normal; orphans: auto; text-indent: 0px; text-transform: none; white-space: normal; widows: auto; word-spacing: 0px; -webkit-text-stroke-width: 0px; text-decoration: none; text-align: justify;\"><strong><span style=\"font-family: verdana, geneva, sans-serif;\">\u00ab L\u2019ouverture \u00e0 l\u2019automne d\u2019une maison m\u00e9dicale dans l\u2019ancienne biblioth\u00e8que<span class=\"Apple-converted-space\">\u00a0<\/span><\/span><span style=\"font-family: verdana, geneva, sans-serif;\">avenue Saint-Sa\u00ebns \u00bb<\/span><\/strong><\/p><p style=\"margin: 0px 0px 15px !important; caret-color: #222222; color: #222222; font-family: Verdana, Geneva, sans-serif; font-size: 16px; font-style: normal; font-variant-caps: normal; font-weight: 400; letter-spacing: normal; orphans: auto; text-indent: 0px; text-transform: none; white-space: normal; widows: auto; word-spacing: 0px; -webkit-text-stroke-width: 0px; text-decoration: none; text-align: justify;\"><span style=\"font-family: verdana, geneva, sans-serif;\">Pour rappel, la Maire s\u2019\u00e9tait engag\u00e9e en 2020 a lancer une grande concertation pour<span class=\"Apple-converted-space\">\u00a0<\/span><\/span><span style=\"font-family: verdana, geneva, sans-serif;\">trouver une fin utile \u00e0 cet \u00e9quipement ferm\u00e9 depuis 2017, notamment avec les<span class=\"Apple-converted-space\">\u00a0<\/span><\/span><span style=\"font-family: verdana, geneva, sans-serif;\">associations en manque d\u2019espaces.<\/span><\/p><p style=\"margin: 0px 0px 15px !important; caret-color: #222222; color: #222222; font-family: Verdana, Geneva, sans-serif; font-size: 16px; font-style: normal; font-variant-caps: normal; font-weight: 400; letter-spacing: normal; orphans: auto; text-indent: 0px; text-transform: none; white-space: normal; widows: auto; word-spacing: 0px; -webkit-text-stroke-width: 0px; text-decoration: none; text-align: justify;\"><span style=\"font-family: verdana, geneva, sans-serif;\">Six ans plus tard, alors que cette ancienne biblioth\u00e8que est dans un \u00e9tat de d\u00e9labrement avanc\u00e9, aucune<span class=\"Apple-converted-space\">\u00a0<\/span><\/span><span style=\"font-family: verdana, geneva, sans-serif;\">concertation n\u2019a \u00e9t\u00e9 lanc\u00e9e avec les habitants et les associations.<\/span><\/p><p style=\"margin: 0px 0px 15px !important; caret-color: #222222; color: #222222; font-family: Verdana, Geneva, sans-serif; font-size: 16px; font-style: normal; font-variant-caps: normal; font-weight: 400; letter-spacing: normal; orphans: auto; text-indent: 0px; text-transform: none; white-space: normal; widows: auto; word-spacing: 0px; -webkit-text-stroke-width: 0px; text-decoration: none; text-align: justify;\"><span style=\"font-family: verdana, geneva, sans-serif;\">Une \u00e9tude technique r\u00e9alis\u00e9e en 2021 estime le co\u00fbt de r\u00e9habilitation du b\u00e2timent (595 m2<span class=\"Apple-converted-space\">\u00a0<\/span><\/span><span style=\"font-family: verdana, geneva, sans-serif;\">sur 3 niveaux) \u00e0 pr\u00e8s de 1,5 million d\u2019\u20ac.<\/span><\/p><p style=\"margin: 0px 0px 15px !important; caret-color: #222222; color: #222222; font-family: Verdana, Geneva, sans-serif; font-size: 16px; font-style: normal; font-variant-caps: normal; font-weight: 400; letter-spacing: normal; orphans: auto; text-indent: 0px; text-transform: none; white-space: normal; widows: auto; word-spacing: 0px; -webkit-text-stroke-width: 0px; text-decoration: none; text-align: justify;\"><span style=\"font-family: verdana, geneva, sans-serif;\">A l\u2019occasion du vote du budget 2026 de la ville, en d\u00e9cembre dernier, 1,3 million d\u2019\u20ac<span class=\"Apple-converted-space\">\u00a0<\/span><\/span><span style=\"font-family: verdana, geneva, sans-serif;\">\u00e9taient inscrits pour la transformation de l\u2019ancienne biblioth\u00e8que en maison de sant\u00e9.<\/span><\/p><p style=\"margin: 0px 0px 15px !important; caret-color: #222222; color: #222222; font-family: Verdana, Geneva, sans-serif; font-size: 16px; font-style: normal; font-variant-caps: normal; font-weight: 400; letter-spacing: normal; orphans: auto; text-indent: 0px; text-transform: none; white-space: normal; widows: auto; word-spacing: 0px; -webkit-text-stroke-width: 0px; text-decoration: none; text-align: justify;\"><span style=\"font-family: verdana, geneva, sans-serif;\">Aujourd\u2019hui, le propri\u00e9taire des locaux du centre m\u00e9dical Rabelais, au 48 rue Berlioz et qui<span class=\"Apple-converted-space\">\u00a0<\/span><\/span><span style=\"font-family: verdana, geneva, sans-serif;\">accueille 7 m\u00e9decins g\u00e9n\u00e9ralistes veut vendre. Ces derniers ne veulent pas acheter, car<span class=\"Apple-converted-space\">\u00a0<\/span><\/span><span style=\"font-family: verdana, geneva, sans-serif;\">deux partent \u00e0 la retraite et une change de ville.<\/span><\/p><p style=\"margin: 0px 0px 15px !important; caret-color: #222222; color: #222222; font-family: Verdana, Geneva, sans-serif; font-size: 16px; font-style: normal; font-variant-caps: normal; font-weight: 400; letter-spacing: normal; orphans: auto; text-indent: 0px; text-transform: none; white-space: normal; widows: auto; word-spacing: 0px; -webkit-text-stroke-width: 0px; text-decoration: none; text-align: justify;\"><span style=\"font-family: verdana, geneva, sans-serif;\">Madame Rigault annonce l\u2019arriv\u00e9e \u00ab de 3 m\u00e9decins \u00bb provenant du cabinet m\u00e9dical ; c\u2019est<span class=\"Apple-converted-space\">\u00a0<\/span><\/span><span style=\"font-family: verdana, geneva, sans-serif;\">donc 4 de moins qu\u2019actuellement. Elle \u00e9voque \u00e9galement \u00ab l\u2019int\u00e9r\u00eat \u00bb manifest\u00e9 par \u00ab 2<span class=\"Apple-converted-space\">\u00a0<\/span><\/span><span style=\"font-family: verdana, geneva, sans-serif;\">infirmi\u00e8res, 1 di\u00e9t\u00e9ticienne, 1 p\u00e9dicure podologue \u00bb, sans pr\u00e9ciser o\u00f9 ils exercent<span class=\"Apple-converted-space\">\u00a0<\/span><\/span><span style=\"font-family: verdana, geneva, sans-serif;\">actuellement et s\u2019il sont v\u00e9ritablement engag\u00e9s dans le projet.<\/span><\/p><p style=\"margin: 0px 0px 15px !important; caret-color: #222222; color: #222222; font-family: Verdana, Geneva, sans-serif; font-size: 16px; font-style: normal; font-variant-caps: normal; font-weight: 400; letter-spacing: normal; orphans: auto; text-indent: 0px; text-transform: none; white-space: normal; widows: auto; word-spacing: 0px; -webkit-text-stroke-width: 0px; text-decoration: none; text-align: justify;\"><span style=\"font-family: verdana, geneva, sans-serif;\">Au-del\u00e0 des importants et longs travaux n\u00e9cessaires pour r\u00e9habiliter le site, situ\u00e9 au sein<span class=\"Apple-converted-space\">\u00a0<\/span><\/span><span style=\"font-family: verdana, geneva, sans-serif;\">de la<span class=\"Apple-converted-space\">\u00a0<\/span><\/span><span style=\"font-family: verdana, geneva, sans-serif;\">copropri\u00e9t\u00e9 Les Ch\u00e2taigniers, rien n\u2019indique qu\u2019avec le transfert de quelques praticiens,<span class=\"Apple-converted-space\">\u00a0<\/span><\/span><span style=\"font-family: verdana, geneva, sans-serif;\">l\u2019offre de sant\u00e9 va augmenter sur la ville !<\/span><\/p><p style=\"margin: 0px 0px 15px !important; caret-color: #222222; color: #222222; font-family: Verdana, Geneva, sans-serif; font-size: 16px; font-style: normal; font-variant-caps: normal; font-weight: 400; letter-spacing: normal; orphans: auto; text-indent: 0px; text-transform: none; white-space: normal; widows: auto; word-spacing: 0px; -webkit-text-stroke-width: 0px; text-decoration: none; text-align: justify;\"><strong><span style=\"font-family: verdana, geneva, sans-serif;\">\u00ab Le p\u00f4le gare enfin sur les rails \u00bb<\/span><\/strong><\/p><p style=\"margin: 0px 0px 15px !important; caret-color: #222222; color: #222222; font-family: Verdana, Geneva, sans-serif; font-size: 16px; font-style: normal; font-variant-caps: normal; font-weight: 400; letter-spacing: normal; orphans: auto; text-indent: 0px; text-transform: none; white-space: normal; widows: auto; word-spacing: 0px; -webkit-text-stroke-width: 0px; text-decoration: none; text-align: justify;\"><span style=\"font-family: verdana, geneva, sans-serif;\">Annonc\u00e9 depuis 15 ans par la majorit\u00e9 de Mme Rigault, la r\u00e9novation de la gare de Saint-<\/span><span style=\"font-family: verdana, geneva, sans-serif;\">Michel port\u00e9 par l\u2019agglom\u00e9ration C\u0153ur d\u2019Essonne est sensiblement diff\u00e9rent de ce qui<span class=\"Apple-converted-space\">\u00a0<\/span><\/span><span style=\"font-family: verdana, geneva, sans-serif;\">\u00e9tait pr\u00e9vu. Quid de la \u00ab construction d\u2019une r\u00e9sidence \u00e9tudiante, avec commerce et<span class=\"Apple-converted-space\">\u00a0<\/span><\/span><span style=\"font-family: verdana, geneva, sans-serif;\">parking en sous-sols (70 places) \u00bb, d\u2019un \u00ab parking paysager gratuit de 115 places \u00bb, d\u2019un \u00ab<span class=\"Apple-converted-space\">\u00a0<\/span><\/span><span style=\"font-family: verdana, geneva, sans-serif;\">r\u00e9am\u00e9nagement du plan de circulation et de stationnement du quartier \u00bb ou encore de \u00ab<span class=\"Apple-converted-space\">\u00a0<\/span><\/span><span style=\"font-family: verdana, geneva, sans-serif;\">l\u2019am\u00e9lioration et la s\u00e9curisation de la liaison Gambetta \u2013 Gare \u00bb ? Sans entrer dans le<span class=\"Apple-converted-space\">\u00a0<\/span><\/span><span style=\"font-family: verdana, geneva, sans-serif;\">d\u00e9tail, nous aurons donc maintenant un volumineux parking de 441 places, rue Peuvrier,<span class=\"Apple-converted-space\">\u00a0<\/span><\/span><span style=\"font-family: verdana, geneva, sans-serif;\">mais ici comme ailleurs il n\u2019y aura ni commerce, ni piste cyclable !<\/span><\/p><p style=\"margin: 0px 0px 15px !important; caret-color: #222222; color: #222222; font-family: Verdana, Geneva, sans-serif; font-size: 16px; font-style: normal; font-variant-caps: normal; font-weight: 400; letter-spacing: normal; orphans: auto; text-indent: 0px; text-transform: none; white-space: normal; widows: auto; word-spacing: 0px; -webkit-text-stroke-width: 0px; text-decoration: none; text-align: justify;\"><span style=\"font-family: verdana, geneva, sans-serif;\">Ce chantier essentiel pour la vie quotidienne des Saint Michellois et l\u2019attractivit\u00e9 de la ville<span class=\"Apple-converted-space\">\u00a0<\/span><\/span><span style=\"font-family: verdana, geneva, sans-serif;\">est un projet co\u00fbteux de plus de 19 millions d\u2019euros HT sans le moindre centime de<span class=\"Apple-converted-space\">\u00a0<\/span><\/span><span style=\"font-family: verdana, geneva, sans-serif;\">financement de la ville. Aujourd\u2019hui, beaucoup reste \u00e0 faire, notamment pour la liaison<span class=\"Apple-converted-space\">\u00a0<\/span><\/span><span style=\"font-family: verdana, geneva, sans-serif;\">avec le quartier Gambetta en sente pi\u00e9tonne, une v\u00e9g\u00e9talisation importante \u00e0 r\u00e9aliser, des<span class=\"Apple-converted-space\">\u00a0<\/span><\/span><span style=\"font-family: verdana, geneva, sans-serif;\">acc\u00e8s s\u00e9curis\u00e9s pour les cycles&#8230; Un dossier sur lequel notre future \u00e9quipe municipale<span class=\"Apple-converted-space\">\u00a0<\/span><\/span><span style=\"font-family: verdana, geneva, sans-serif;\">devra travailler en \u00e9troite concertation avec les riverains, avec \u00e0 l\u2019esprit la d\u00e9marche d\u2019un<span class=\"Apple-converted-space\">\u00a0<\/span><\/span><span style=\"font-family: verdana, geneva, sans-serif;\">atelier public d\u2019urbanisme. A la diff\u00e9rence de la droite, qui agit au coup par coup sans<span class=\"Apple-converted-space\">\u00a0<\/span><\/span><span style=\"font-family: verdana, geneva, sans-serif;\">vision \u00e0 long terme, nous privil\u00e9gions la recherche d\u2019une coh\u00e9rence d\u2019ensemble, des<span class=\"Apple-converted-space\">\u00a0<\/span><\/span><span style=\"font-family: verdana, geneva, sans-serif;\">am\u00e9nagements globaux, \u00e9cologiques et concert\u00e9s, s\u2019appuyant sur les besoins et<span class=\"Apple-converted-space\">\u00a0<\/span><\/span><span style=\"font-family: verdana, geneva, sans-serif;\">l\u2019expertise d\u2019usage des habitants. C\u2019est la meilleure fa\u00e7on pour faire de Saint-Michel sur<span class=\"Apple-converted-space\">\u00a0<\/span><\/span><span style=\"font-family: verdana, geneva, sans-serif;\">Orge une ville vivante, vivable et plus juste\u00a0<\/span><\/p>\t\t\t\t\t\t\t\t<\/div>\n\t\t\t\t\t<\/div>\n\t\t\t\t<\/div>\n\t\t<div class=\"elementor-element elementor-element-cd82ae9 e-flex e-con-boxed e-con e-parent\" data-id=\"cd82ae9\" data-element_type=\"container\">\n\t\t\t\t\t<div class=\"e-con-inner\">\n\t\t\t\t<div class=\"elementor-element elementor-element-8a5a136 elementor-widget elementor-widget-text-editor\" data-id=\"8a5a136\" data-element_type=\"widget\" data-widget_type=\"text-editor.default\">\n\t\t\t\t\t\t\t\t\t<p><strong>DECOUVREZ <a href=\"https:\/\/unispourtous.fr\/wp-admin\/admin-ajax.php?action=tnptr&amp;nltr=NDsxMztodHRwczovL3VuaXNwb3VydG91cy5mci9pbmRleC5waHAvTGEtbGlzdGUvOzs5Yjg5NWY5MGZmMGI5OTNjZjcxNmQwZTcxNzJkYjMwOQ%3D%3D\" target=\"_blank\" rel=\"noopener\">LES CANDIDATS<\/a> DE LA LISTE<\/strong><\/p><p><strong>UNIS, SAINT MICHEL POUR TOU<\/strong>S<\/p>\t\t\t\t\t\t\t\t<\/div>\n\t\t\t\t\t<\/div>\n\t\t\t\t<\/div>\n\t\t<div class=\"elementor-element elementor-element-1ab4efe e-flex e-con-boxed e-con e-parent\" data-id=\"1ab4efe\" data-element_type=\"container\">\n\t\t\t\t\t<div class=\"e-con-inner\">\n\t\t\t\t<div class=\"elementor-element elementor-element-3ca9b03 elementor-widget elementor-widget-image\" data-id=\"3ca9b03\" data-element_type=\"widget\" data-widget_type=\"image.default\">\n\t\t\t\t\t\t\t\t\t\t\t\t\t\t\t<img fetchpriority=\"high\" decoding=\"async\" width=\"600\" height=\"354\" src=\"https:\/\/unispourtous.fr\/wp-content\/uploads\/2026\/02\/NewsLetter2-1.png\" class=\"attachment-medium_large size-medium_large wp-image-897\" alt=\"\" srcset=\"https:\/\/unispourtous.fr\/wp-content\/uploads\/2026\/02\/NewsLetter2-1.png 600w, https:\/\/unispourtous.fr\/wp-content\/uploads\/2026\/02\/NewsLetter2-1-300x177.png 300w\" sizes=\"(max-width: 600px) 100vw, 600px\" \/>\t\t\t\t\t\t\t\t\t\t\t\t\t\t\t<\/div>\n\t\t\t\t<div class=\"elementor-element elementor-element-e31e18c elementor-widget elementor-widget-text-editor\" data-id=\"e31e18c\" data-element_type=\"widget\" data-widget_type=\"text-editor.default\">\n\t\t\t\t\t\t\t\t\t<p><b>VOUS ETES ABSENT.E LE 15 MARS ?<\/b><\/p><p><b>PENSEZ A VOTRE PROCURATION<\/b><\/p><div><p style=\"margin: 0px 0px 15px !important; caret-color: #222222; color: #222222; font-family: Verdana, Geneva, sans-serif; font-size: 16px; font-style: normal; font-variant-caps: normal; font-weight: 400; letter-spacing: normal; orphans: auto; text-indent: 0px; text-transform: none; white-space: normal; widows: auto; word-spacing: 0px; -webkit-text-stroke-width: 0px; text-decoration: none; text-align: center;\"><strong>1.<\/strong>\u00a0Contactez-nous par mail\u00a0<a style=\"color: #007bff; text-decoration: none;\" href=\"mailto:proc.umtous@orange.fr\" target=\"_blank\" rel=\"noopener\">proc.uptous@orange.fr<\/a>\u00a0en indiquant votre\u00a0<strong>nom<\/strong>,\u00a0<strong>adresse<\/strong>\u00a0et\u00a0<strong>bureau de vote<\/strong><\/p><p style=\"margin: 0px 0px 15px !important; caret-color: #222222; color: #222222; font-family: Verdana, Geneva, sans-serif; font-size: 16px; font-style: normal; font-variant-caps: normal; font-weight: 400; letter-spacing: normal; orphans: auto; text-indent: 0px; text-transform: none; white-space: normal; widows: auto; word-spacing: 0px; -webkit-text-stroke-width: 0px; text-decoration: none; text-align: center;\"><strong>2.<\/strong>\u00a0Nous vous enverrons les coordonn\u00e9es de la personne qui pourra voter pour vous<\/p><p style=\"margin: 0px 0px 15px !important; caret-color: #222222; color: #222222; font-family: Verdana, Geneva, sans-serif; font-size: 16px; font-style: normal; font-variant-caps: normal; font-weight: 400; letter-spacing: normal; orphans: auto; text-indent: 0px; text-transform: none; white-space: normal; widows: auto; word-spacing: 0px; -webkit-text-stroke-width: 0px; text-decoration: none; text-align: center;\"><strong>3.<\/strong>\u00a0Vous pourrez ensuite effectuer votre demande de procuration<\/p><\/div>\t\t\t\t\t\t\t\t<\/div>\n\t\t\t\t\t<\/div>\n\t\t\t\t<\/div>\n\t\t<div class=\"elementor-element elementor-element-cc96f25 e-flex e-con-boxed e-con e-parent\" data-id=\"cc96f25\" data-element_type=\"container\">\n\t\t\t\t\t<div class=\"e-con-inner\">\n\t\t\t\t<div class=\"elementor-element elementor-element-2cfc6bc elementor-widget elementor-widget-image\" data-id=\"2cfc6bc\" data-element_type=\"widget\" data-widget_type=\"image.default\">\n\t\t\t\t\t\t\t\t\t\t\t\t\t\t\t<img decoding=\"async\" width=\"300\" height=\"170\" src=\"https:\/\/unispourtous.fr\/wp-content\/uploads\/2026\/02\/NewsLetter2-2-300x170.png\" class=\"attachment-medium size-medium wp-image-898\" alt=\"\" srcset=\"https:\/\/unispourtous.fr\/wp-content\/uploads\/2026\/02\/NewsLetter2-2-300x170.png 300w, https:\/\/unispourtous.fr\/wp-content\/uploads\/2026\/02\/NewsLetter2-2.png 460w\" sizes=\"(max-width: 300px) 100vw, 300px\" \/>\t\t\t\t\t\t\t\t\t\t\t\t\t\t\t<\/div>\n\t\t\t\t<div class=\"elementor-element elementor-element-9c1921c elementor-widget elementor-widget-text-editor\" data-id=\"9c1921c\" data-element_type=\"widget\" data-widget_type=\"text-editor.default\">\n\t\t\t\t\t\t\t\t\t<p>\u00a0Retenez La Date<\/p><p>R\u00e9union Publique<\/p><p>11 Mars 2026 &#8211; 20h00 &#8211; Salle Berlioz<\/p>\t\t\t\t\t\t\t\t<\/div>\n\t\t\t\t\t<\/div>\n\t\t\t\t<\/div>\n\t\t<div class=\"elementor-element elementor-element-5d4d49f e-flex e-con-boxed e-con e-parent\" data-id=\"5d4d49f\" data-element_type=\"container\">\n\t\t\t\t\t<div class=\"e-con-inner\">\n\t\t\t\t<div class=\"elementor-element elementor-element-7aad43e elementor-widget elementor-widget-text-editor\" data-id=\"7aad43e\" data-element_type=\"widget\" data-widget_type=\"text-editor.default\">\n\t\t\t\t\t\t\t\t\t<p><b>PLUS DE 100 PARTICIPANT.E.S A NOTRE DEAMBULATION<\/b><\/p><p><a href=\"https:\/\/unispourtous.fr\/wp-admin\/admin-ajax.php?action=tnptr&amp;nltr=NDsxMztodHRwczovL3VuaXNwb3VydG91cy5mci87O2ZhYTdiNTI2NmJlYWIwNjdmNTZiYTE2ZTQxNWRiN2U2\" target=\"_blank\" rel=\"noopener\">RETOUR EN IMAGES<\/a><\/p>\t\t\t\t\t\t\t\t<\/div>\n\t\t\t\t\t<\/div>\n\t\t\t\t<\/div>\n\t\t<div class=\"elementor-element elementor-element-bef8de0 e-flex e-con-boxed e-con e-parent\" data-id=\"bef8de0\" data-element_type=\"container\">\n\t\t\t\t\t<div class=\"e-con-inner\">\n\t\t\t\t<div class=\"elementor-element elementor-element-767c7f6 elementor-widget elementor-widget-image\" data-id=\"767c7f6\" data-element_type=\"widget\" data-widget_type=\"image.default\">\n\t\t\t\t\t\t\t\t\t\t\t\t\t\t\t<img decoding=\"async\" width=\"768\" height=\"428\" src=\"https:\/\/unispourtous.fr\/wp-content\/uploads\/2026\/02\/NewsLetter2-3-768x428.png\" class=\"attachment-medium_large size-medium_large wp-image-899\" alt=\"\" srcset=\"https:\/\/unispourtous.fr\/wp-content\/uploads\/2026\/02\/NewsLetter2-3-768x428.png 768w, https:\/\/unispourtous.fr\/wp-content\/uploads\/2026\/02\/NewsLetter2-3-300x167.png 300w, https:\/\/unispourtous.fr\/wp-content\/uploads\/2026\/02\/NewsLetter2-3-1024x571.png 1024w, https:\/\/unispourtous.fr\/wp-content\/uploads\/2026\/02\/NewsLetter2-3.png 1200w\" sizes=\"(max-width: 768px) 100vw, 768px\" \/>\t\t\t\t\t\t\t\t\t\t\t\t\t\t\t<\/div>\n\t\t\t\t\t<\/div>\n\t\t\t\t<\/div>\n\t\t\t\t<\/div>\n\t\t","protected":false},"excerpt":{"rendered":"<p>EDITO A un peu plus de 3 semaines, la liste des 37 colisti\u00e8res et colistiers de Unis, Saint Michel\u00a0pour Tous a \u00e9t\u00e9 d\u00e9pos\u00e9e en sous-pr\u00e9fecture de Palaiseau ce mercredi 18 f\u00e9vrier. Nous continuons d\u2019aller \u00e0 votre rencontre, car nous avons choisi le dialogue, l\u2019\u00e9coute et le\u00a0partage. \u00c0 travers ces rencontres, notre intention est aussi de [&hellip;]<\/p>\n","protected":false},"author":1,"featured_media":0,"parent":0,"menu_order":0,"comment_status":"closed","ping_status":"closed","template":"","meta":{"footnotes":""},"class_list":["post-852","page","type-page","status-publish","hentry"],"_links":{"self":[{"href":"https:\/\/unispourtous.fr\/index.php\/wp-json\/wp\/v2\/pages\/852","targetHints":{"allow":["GET"]}}],"collection":[{"href":"https:\/\/unispourtous.fr\/index.php\/wp-json\/wp\/v2\/pages"}],"about":[{"href":"https:\/\/unispourtous.fr\/index.php\/wp-json\/wp\/v2\/types\/page"}],"author":[{"embeddable":true,"href":"https:\/\/unispourtous.fr\/index.php\/wp-json\/wp\/v2\/users\/1"}],"replies":[{"embeddable":true,"href":"https:\/\/unispourtous.fr\/index.php\/wp-json\/wp\/v2\/comments?post=852"}],"version-history":[{"count":22,"href":"https:\/\/unispourtous.fr\/index.php\/wp-json\/wp\/v2\/pages\/852\/revisions"}],"predecessor-version":[{"id":932,"href":"https:\/\/unispourtous.fr\/index.php\/wp-json\/wp\/v2\/pages\/852\/revisions\/932"}],"wp:attachment":[{"href":"https:\/\/unispourtous.fr\/index.php\/wp-json\/wp\/v2\/media?parent=852"}],"curies":[{"name":"wp","href":"https:\/\/api.w.org\/{rel}","templated":true}]}}