{"id":1018,"date":"2026-03-09T20:01:34","date_gmt":"2026-03-09T20:01:34","guid":{"rendered":"https:\/\/unispourtous.fr\/?page_id=1018"},"modified":"2026-03-09T21:22:12","modified_gmt":"2026-03-09T21:22:12","slug":"presentationliste","status":"publish","type":"page","link":"https:\/\/unispourtous.fr\/index.php\/presentationliste\/","title":{"rendered":"PresentationListe"},"content":{"rendered":"\t\t<div data-elementor-type=\"wp-page\" data-elementor-id=\"1018\" class=\"elementor elementor-1018\" data-elementor-post-type=\"page\">\n\t\t\t\t<div class=\"elementor-element elementor-element-2077f5d e-flex e-con-boxed e-con e-parent\" data-id=\"2077f5d\" data-element_type=\"container\">\n\t\t\t\t\t<div class=\"e-con-inner\">\n\t\t\t\t<div class=\"elementor-element elementor-element-d1d2c1d elementor-widget elementor-widget-menu-anchor\" data-id=\"d1d2c1d\" data-element_type=\"widget\" data-widget_type=\"menu-anchor.default\">\n\t\t\t\t\t\t\t<div class=\"elementor-menu-anchor\" id=\"IsabelleCatrain\"><\/div>\n\t\t\t\t\t\t<\/div>\n\t\t\t\t\t<\/div>\n\t\t\t\t<\/div>\n\t\t<div class=\"elementor-element elementor-element-77b8633 e-flex e-con-boxed e-con e-parent\" data-id=\"77b8633\" data-element_type=\"container\">\n\t\t\t\t\t<div class=\"e-con-inner\">\n\t\t\t\t<div class=\"elementor-element elementor-element-d79212a elementor-widget elementor-widget-text-editor\" data-id=\"d79212a\" data-element_type=\"widget\" data-widget_type=\"text-editor.default\">\n\t\t\t\t\t\t\t\t\t<h3>Isabelle Catrain<\/h3><p>D\u00e9claration de candidature<\/p><p>Saint Michellois, Saint Michelloises, je vous souhaite une tr\u00e8s bonne ann\u00e9e 2026\u00a0!<\/p><p>Comme vous le savez, les 15 et 22 mars prochains, vous choisirez une nouvelle \u00e9quipe municipale pour notre ville.\u00a0<\/p><p>Vous aurez le choix de voter pour la continuit\u00e9 d\u2019une politique de droite exerc\u00e9e depuis 18 ans, ou celui d\u2019un changement de cap en pr\u00e9f\u00e9rant l\u2019alternance.<\/p><p>C\u2019est ce que je vous propose au nom de la liste Unis Saint Michel pour Tous, liste de grand rassemblement de la gauche et des \u00e9cologistes.<\/p><p>Je m\u2019appelle Isabelle Catrain-Goudeau. Je travaille dans une association d\u2019insertion par le logement pour des personnes en situation de grande pr\u00e9carit\u00e9, et suis saint michelloise depuis 26 ans.\u00a0<\/p><p>Cette ville d\u2019adoption est devenue ma ville\u00a0: j\u2019y ai fond\u00e9 ma famille et je m\u2019y suis investie tout de suite.\u00a0<\/p><p>C\u2019est \u00e0 l\u2019\u00e9cole Pablo Picasso que tout a commenc\u00e9, avec mon engagement dans une association de parents d\u2019\u00e9l\u00e8ves pendant presque deux d\u00e9cennies. Parall\u00e8lement, j\u2019ai coanim\u00e9 pendant plusieurs ann\u00e9es le Conseil de quartier 3-Sablons Picasso \u00e0 la grande \u00e9poque des conseils de quartier. Lorsque ces conseils ont \u00e9t\u00e9 supprim\u00e9s par la droite, je me suis pleinement investie dans la pr\u00e9sidence de l\u2019association des habitants du quartier Sablons Picasso autour de projets de mise en lien et d\u2019animation sur le quartier. Je suis motiv\u00e9e par l\u2019envie de faire et d\u2019innover socialement dans divers domaines<\/p><p>C\u2019est tout naturellement que ce b\u00e9n\u00e9volat au service de l\u2019int\u00e9r\u00eat g\u00e9n\u00e9ral et du vivre ensemble s\u2019est transform\u00e9 en engagement politique. Je suis \u00e9lue, dans l\u2019un des groupes d\u2019opposition du Conseil municipal, depuis 12 ans. \u00c9lue \u00e9cologiste, je sais les grands d\u00e9fis qui nous attendent\u00a0: celui du changement climatique est crucial. Il impose d\u2019adapter notre ville pour nous prot\u00e9ger au mieux et pr\u00e9parer l\u2019avenir de nos enfants. Je crois que nous pouvons relever ce d\u00e9fi ensemble si tous les habitants et toutes les habitantes se sentent, et sont r\u00e9ellement impliqu\u00e9-es.\u00a0<\/p><p>Mais je porte, nous portons aussi le projet d\u2019une ville vivante, vivable et plus juste.\u00a0<\/p><p>Une ville qui donne plus de place \u00e0 la parole de ses habitant-es. Une ville de proximit\u00e9 o\u00f9 l\u2019essentiel, commerces, loisirs, services, culture, sport, est \u00e0 port\u00e9e de main. Une ville o\u00f9 chacun-e peut vivre dignement dans un environnement sain et renatur\u00e9. Une ville ouverte, solidaire et accueillante.<\/p><p>Ce projet nous voulons le construire avec vous, car vous y avez toute votre place.<\/p><p>Je compte sur vous, nous comptons sur vous pour voter le 15 mars pour un changement de cap \u00e0 Saint Michel\u00a0!<\/p>\t\t\t\t\t\t\t\t<\/div>\n\t\t\t\t\t<\/div>\n\t\t\t\t<\/div>\n\t\t<div class=\"elementor-element elementor-element-f46e53e e-flex e-con-boxed e-con e-parent\" data-id=\"f46e53e\" data-element_type=\"container\">\n\t\t\t\t\t<div class=\"e-con-inner\">\n\t\t\t\t<div class=\"elementor-element elementor-element-5d91a78 elementor-widget elementor-widget-menu-anchor\" data-id=\"5d91a78\" data-element_type=\"widget\" data-widget_type=\"menu-anchor.default\">\n\t\t\t\t\t\t\t<div class=\"elementor-menu-anchor\" id=\"AdrienDerain\"><\/div>\n\t\t\t\t\t\t<\/div>\n\t\t\t\t\t<\/div>\n\t\t\t\t<\/div>\n\t\t<div class=\"elementor-element elementor-element-8dc8da0 e-flex e-con-boxed e-con e-parent\" data-id=\"8dc8da0\" data-element_type=\"container\">\n\t\t\t\t\t<div class=\"e-con-inner\">\n\t\t\t\t<div class=\"elementor-element elementor-element-3f38ba6 elementor-widget elementor-widget-text-editor\" data-id=\"3f38ba6\" data-element_type=\"widget\" data-widget_type=\"text-editor.default\">\n\t\t\t\t\t\t\t\t\t<h5>Adrien Derain :<\/h5><p>Saint-Michellois depuis un peu plus de deux ans, j\u2019ai souhait\u00e9 m\u2019investir pour une ville plus juste, plus vivante et plus vivable. Je m\u2019y emploie tr\u00e8s localement, dans une des copropri\u00e9t\u00e9s de la vall\u00e9e de l\u2019Orge, en tant que membre du conseil syndical, comme plus largement, dans mes responsabilit\u00e9s au sein du Parti Socialiste.<\/p><p>Directeur dans les collectivit\u00e9s aupr\u00e8s d\u2019\u00e9lus locaux, je suis engag\u00e9 depuis toujours au service de l\u2019int\u00e9r\u00eat g\u00e9n\u00e9ral. Actuellement, je travaille dans des structures qui op\u00e8rent le service public d\u2019eau potable et d\u2019assainissement, ainsi que la gestion des milieux aquatiques sur un bassin versant voisin de celui de l\u2019Orge dans lequel nous vivons. Je suis \u00e9galement mobilis\u00e9 sur la pr\u00e9vention des inondations, qui malheureusement, vont devenir de plus en plus r\u00e9currentes.\u00a0<\/p><p>Sur cette question, comme sur toutes les probl\u00e9matiques li\u00e9es au changement climatique, il nous faut anticiper l\u2019avenir. Je suis convaincu que pour r\u00e9ussir la transition \u00e9cologique, celle-ci doit avant tout \u00eatre sociale : elle passe notamment par la ma\u00eetrise publique des biens communs, l\u2019eau \u00e9videmment, mais \u00e9galement l\u2019\u00e9nergie et les sols.<\/p><p>Essonnien depuis toujours, je connais les probl\u00e9matiques de la r\u00e9gion parisienne, et singuli\u00e8rement de la grande couronne : je me suis toujours battu pour que nous soyons trait\u00e9s de la m\u00eame mani\u00e8re que ceux habitant en zone plus dense. La question de la mobilit\u00e9 et de l\u2019acc\u00e8s \u00e0 une offre de transport de qualit\u00e9 doit donc \u00eatre une priorit\u00e9.\u00a0<\/p><p>Les communes et les intercommunalit\u00e9s disposent de leviers importants pour pr\u00e9parer l\u2019avenir, je souhaite pleinement les saisir, dans les futures responsabilit\u00e9s qui seront les n\u00f4tres, pour changer nos vies.<\/p>\t\t\t\t\t\t\t\t<\/div>\n\t\t\t\t\t<\/div>\n\t\t\t\t<\/div>\n\t\t<div class=\"elementor-element elementor-element-c8d1925 e-flex e-con-boxed e-con e-parent\" data-id=\"c8d1925\" data-element_type=\"container\">\n\t\t\t\t\t<div class=\"e-con-inner\">\n\t\t\t\t<div class=\"elementor-element elementor-element-bb6959e elementor-widget elementor-widget-menu-anchor\" data-id=\"bb6959e\" data-element_type=\"widget\" data-widget_type=\"menu-anchor.default\">\n\t\t\t\t\t\t\t<div class=\"elementor-menu-anchor\" id=\"FatimaKhobeizi\"><\/div>\n\t\t\t\t\t\t<\/div>\n\t\t\t\t\t<\/div>\n\t\t\t\t<\/div>\n\t\t<div class=\"elementor-element elementor-element-e0bc758 e-flex e-con-boxed e-con e-parent\" data-id=\"e0bc758\" data-element_type=\"container\">\n\t\t\t\t\t<div class=\"e-con-inner\">\n\t\t\t\t<div class=\"elementor-element elementor-element-d27b3fc elementor-widget elementor-widget-text-editor\" data-id=\"d27b3fc\" data-element_type=\"widget\" data-widget_type=\"text-editor.default\">\n\t\t\t\t\t\t\t\t\t<h5>Fatima Khobeizi<\/h5><p>Redonner \u00e0 Saint-Michel-sur-Orge l\u2019ambition qu\u2019elle m\u00e9rite<\/p><p>Par sens du service public et par fid\u00e9lit\u00e9 \u00e0 ma ville, o\u00f9 je vis depuis plus de quarante ans, je m\u2019investis pour rejoindre la liste Unis, Saint-Michel pour tous.<\/p><p>Professionnellement, j\u2019interviens au c\u0153ur de projets publics, couvrant la transformation des organisations, la gestion de crise et l\u2019am\u00e9lioration de la performance.Cette exp\u00e9rience m\u2019a appris une chose essentielle : une politique publique n\u2019a de valeur que si elle am\u00e9liore concr\u00e8tement le quotidien des habitantes et des habitants.<\/p><p>J\u2019ai grandi \u00e0 Saint-Michel-sur-Orge, dans le quartier du Bois des Roches puis \u00e0 Gambetta. J\u2019y ai vu une ville dynamique, conviviale, o\u00f9 il faisait bon vivre. Mais j\u2019ai aussi vu, peu \u00e0 peu, le cadre de vie se d\u00e9grader, l\u2019attractivit\u00e9 reculer et le lien social s\u2019affaiblir.<\/p><p>Si ces ph\u00e9nom\u00e8nes concernent plusieurs villes de la banlieue parisienne, ce d\u00e9clin s\u2019est particuli\u00e8rement accentu\u00e9 ces 10 derni\u00e8res ann\u00e9es \u00e0 Saint-Michel-sur-Orge.<\/p><p>Oui, une ville doit \u00eatre bien g\u00e9r\u00e9e. Mais l\u2019\u00e9quilibre budg\u00e9taire ne peut se faire au d\u00e9triment du cadre de vie et de la justice sociale. Conduire les affaires d\u2019une ville, ce n\u2019est pas seulement g\u00e9rer des chiffres, c\u2019est surtout \u00eatre au service de ses habitants et r\u00e9pondre \u00e0 leurs besoins.<\/p><p>C\u2019est pour cela que j\u2019ai choisi de m\u2019engager aux c\u00f4t\u00e9s d\u2019Isabelle Catrain\u2013 Goudeau, qui conduit la liste Unis, Saint-Michel pour tous, autour d\u2019un projet ambitieux, s\u00e9rieux et profond\u00e9ment humain.<\/p><p>Mon implication locale s\u2019inscrit dans la dur\u00e9e. Au sein de Saint-Michel-en-Commun, association citoyenne de r\u00e9flexion et d\u2019action pour l\u2019int\u00e9r\u00eat collectif, comme en tant que conseill\u00e8re municipale d\u2019opposition, elle repose sur une m\u00eame \u00e9thique : dire la v\u00e9rit\u00e9, d\u00e9fendre l\u2019int\u00e9r\u00eat g\u00e9n\u00e9ral, proposer et construire.<\/p><p>Redonnons \u00e0 Saint-Michel-sur-Orge l\u2019ambition, la fiert\u00e9 et la qualit\u00e9 de vie qu\u2019elle m\u00e9rite.<\/p>\t\t\t\t\t\t\t\t<\/div>\n\t\t\t\t\t<\/div>\n\t\t\t\t<\/div>\n\t\t<div class=\"elementor-element elementor-element-a0da16f e-flex e-con-boxed e-con e-parent\" data-id=\"a0da16f\" data-element_type=\"container\">\n\t\t\t\t\t<div class=\"e-con-inner\">\n\t\t\t\t<div class=\"elementor-element elementor-element-2e92c74 elementor-widget elementor-widget-menu-anchor\" data-id=\"2e92c74\" data-element_type=\"widget\" data-widget_type=\"menu-anchor.default\">\n\t\t\t\t\t\t\t<div class=\"elementor-menu-anchor\" id=\"JeanLouisBerland\"><\/div>\n\t\t\t\t\t\t<\/div>\n\t\t\t\t\t<\/div>\n\t\t\t\t<\/div>\n\t\t<div class=\"elementor-element elementor-element-ca7ca6d e-flex e-con-boxed e-con e-parent\" data-id=\"ca7ca6d\" data-element_type=\"container\">\n\t\t\t\t\t<div class=\"e-con-inner\">\n\t\t\t\t<div class=\"elementor-element elementor-element-e30e3b6 elementor-widget elementor-widget-text-editor\" data-id=\"e30e3b6\" data-element_type=\"widget\" data-widget_type=\"text-editor.default\">\n\t\t\t\t\t\t\t\t\t<h5>Jean Louis Berland<\/h5><p>Originaire de la Vend\u00e9e, o\u00f9 mes parents \u00e9taient agriculteurs, mari\u00e9 et p\u00e8re de trois enfants, j&rsquo;habite depuis pr\u00e8s de 30 ans le quartier des Glaises. Juriste de formation, j\u2019ai exerc\u00e9 dans diff\u00e9rents domaines au sein de plusieurs collectivit\u00e9s locales, ce qui m\u2019a permis d\u2019acqu\u00e9rir une solide exp\u00e9rience sur le fonctionnement des services publics et les enjeux territoriaux.<\/p><p>Militant syndical et associatif, mon engagement porte sur les questions d\u2019acc\u00e8s aux droits, de libert\u00e9s publiques, de solidarit\u00e9 internationale, d\u2019\u00e9thique et de lutte contre la corruption. En tant que repr\u00e9sentant des parents d\u2019\u00e9l\u00e8ves, je me suis beaucoup investi sur les aspects disciplinaires, au plus pr\u00e8s des r\u00e9alit\u00e9s v\u00e9cues par les familles.<\/p><p>Les crises sociale, \u00e9cologique et d\u00e9mocratique demandent des r\u00e9ponses fortes et concr\u00e8tes au service de l\u2019int\u00e9r\u00eat g\u00e9n\u00e9ral humain et en rupture franche avec les d\u00e9sordres \u00e9tablis. C\u2019est pour cela que je m\u2019inscris dans les actions port\u00e9es par le mouvement des insoumis.<\/p><p>Maire-adjoint aux affaires scolaires de 2001 \u00e0 2008, j\u2019ai contribu\u00e9, en particulier, \u00e0 la mise en place du dispositif de la r\u00e9ussite \u00e9ducative. Conseiller municipal dans la minorit\u00e9, au sein du groupe Saint-Michel en Commun, je veille \u00e0 la bonne utilisation de l\u2019argent public, \u00e0 la transparence sur les march\u00e9s publics et les contrats, \u00e0 la l\u00e9galit\u00e9 et \u00e0 l\u2019\u00e9quit\u00e9 des d\u00e9cisions prises, mais aussi \u00e0 informer r\u00e9guli\u00e8rement les habitants sur le contenu exact des dossiers.<\/p><p>Membre du Conseil d\u2019Administration du Centre Communal d\u2019Action Sociale, je me bats pour renforcer les moyens consacr\u00e9s \u00e0 l\u2019accompagnement \u00e0 domicile des personnes \u00e2g\u00e9es, au soutien aux familles monoparentales et \u00e0 l\u2019insertion professionnelle des jeunes. De m\u00eame, il ne peut \u00eatre accept\u00e9 la passivit\u00e9 de la municipalit\u00e9 de droite vis-\u00e0-vis des bailleurs qui imposent aux locataires des chargesimportantes, sans am\u00e9liorer leur cadre de vie.<\/p><p>Pour l\u2019avenir de notre ville, il faut changer de cap \u00e0 travers une r\u00e9elle \u00e9coute et la prise en compte des besoins des habitants dans tous les quartiers. Je vous assure de la d\u00e9termination et de la capacit\u00e9 d\u2019agir du collectif municipal pluraliste, dynamique et rigoureux, qu\u2019Isabelle Catrain-Goudeau animera parfaitement.<\/p>\t\t\t\t\t\t\t\t<\/div>\n\t\t\t\t\t<\/div>\n\t\t\t\t<\/div>\n\t\t<div class=\"elementor-element elementor-element-d41be44 e-flex e-con-boxed e-con e-parent\" data-id=\"d41be44\" data-element_type=\"container\">\n\t\t\t\t\t<div class=\"e-con-inner\">\n\t\t\t\t<div class=\"elementor-element elementor-element-22fc8ea elementor-widget elementor-widget-menu-anchor\" data-id=\"22fc8ea\" data-element_type=\"widget\" data-widget_type=\"menu-anchor.default\">\n\t\t\t\t\t\t\t<div class=\"elementor-menu-anchor\" id=\"LinaBelhajSaif\"><\/div>\n\t\t\t\t\t\t<\/div>\n\t\t\t\t\t<\/div>\n\t\t\t\t<\/div>\n\t\t<div class=\"elementor-element elementor-element-ed1717a e-flex e-con-boxed e-con e-parent\" data-id=\"ed1717a\" data-element_type=\"container\">\n\t\t\t\t\t<div class=\"e-con-inner\">\n\t\t\t\t<div class=\"elementor-element elementor-element-96408b7 elementor-widget elementor-widget-text-editor\" data-id=\"96408b7\" data-element_type=\"widget\" data-widget_type=\"text-editor.default\">\n\t\t\t\t\t\t\t\t\t<h5>Lina BelhaJ Saif<\/h5><p>Saint-Michelloise depuis plus de deux ans, j&rsquo;ai pris plaisir \u00e0 m&rsquo;y installer, \u00e0 d\u00e9couvrir ma nouvelle ville et \u00e0 y prendre mes rep\u00e8res : une ballade le long de l&rsquo;orge, prendre le RER pour me rendre \u00e0 Paris, nager \u00e0 la piscine ou encore aller boire un verre au Gambrinus.\u00a0<\/p><p>\u00a0J&rsquo;ai toujours eu l&rsquo;engagement citoyen et politique chevill\u00e9 au c\u0153ur, au sein du conseil municipal des jeunes de ma commune d&rsquo;enfance en Alsace d&rsquo;abord, dans l&rsquo;association \u00e9tudiante de ma facult\u00e9 ensuite ou encore dans mes responsabilit\u00e9s chez les jeunes socialistes de l&rsquo;Essonne d\u00e9sormais.\u00a0<\/p><p>Cet engagement se poursuit pour le service public, que j&rsquo;ai d\u00e9couvert lors de mes alternances en master au sein de la Direction R\u00e9gionale de l&rsquo;Assurance Maladie du Grand Est et dans une collectivit\u00e9 de grande banlieue parisienne.<\/p><p>Depuis, je travaille dans une Mairie essonnienne o\u00f9 je suis charg\u00e9e des relations institutionnelles, internationales et de l&rsquo;innovation. Je ne peux que t\u00e9moigner de de son importance, qui est, dans le monde incertain dans lequel nous vivons, un vrai rempart qui prot\u00e8ge les habitants et pr\u00e9pare l&rsquo;avenir.<\/p><p>Parce qu&rsquo;aujourd&rsquo;hui, je souhaite pouvoir aller au march\u00e9 dans ma ville et non celle d&rsquo;\u00e0 c\u00f4t\u00e9;\u00a0<\/p><p>Parce qu&rsquo;aujourd&rsquo;hui je veux participer au futur carnaval de Saint-Michel que nous mettrons en place ou \u00e0 une f\u00eate de la musique pr\u00e9sente dans toute la ville ;<\/p><p>\u00a0Parce que je veux imaginer Saint-Michel comme une ville qui se suffit \u00e0 elle-m\u00eame et pas comme une ville dortoir;\u00a0\u00a0\u00a0\u00a0\u00a0\u00a0\u00a0\u00a0\u00a0\u00a0\u00a0\u00a0\u00a0\u00a0\u00a0\u00a0\u00a0\u00a0\u00a0\u00a0\u00a0\u00a0\u00a0\u00a0\u00a0\u00a0\u00a0\u00a0\u00a0\u00a0\u00a0\u00a0\u00a0\u00a0\u00a0\u00a0\u00a0\u00a0\u00a0\u00a0\u00a0\u00a0\u00a0\u00a0\u00a0\u00a0\u00a0\u00a0\u00a0\u00a0\u00a0\u00a0\u00a0\u00a0\u00a0\u00a0\u00a0\u00a0\u00a0\u00a0\u00a0\u00a0\u00a0\u00a0\u00a0\u00a0\u00a0\u00a0\u00a0\u00a0\u00a0\u00a0\u00a0\u00a0<\/p><p>Parce que les nouvelles g\u00e9n\u00e9rations ont un r\u00f4le essentiel \u00e0 jouer pour construire une ville qui pr\u00e9pare l&rsquo;avenir ;<\/p><p>\u00a0C&rsquo;est pour tout cela que j&rsquo;ai souhait\u00e9 m&rsquo;engager aupr\u00e8s d&rsquo;Isabelle Catrain-Goudeau pour les \u00e9lections municipales 2026. Faire de Saint-Michel-sur-Orge\u00a0 une ville plus vivante, plus vivable et plus juste, en nous associant aux d\u00e9cisions.<\/p>\t\t\t\t\t\t\t\t<\/div>\n\t\t\t\t\t<\/div>\n\t\t\t\t<\/div>\n\t\t<div class=\"elementor-element elementor-element-aec4eae e-flex e-con-boxed e-con e-parent\" data-id=\"aec4eae\" data-element_type=\"container\">\n\t\t\t\t\t<div class=\"e-con-inner\">\n\t\t\t\t<div class=\"elementor-element elementor-element-8d1dfeb elementor-widget elementor-widget-menu-anchor\" data-id=\"8d1dfeb\" data-element_type=\"widget\" data-widget_type=\"menu-anchor.default\">\n\t\t\t\t\t\t\t<div class=\"elementor-menu-anchor\" id=\"EstebanLelong\"><\/div>\n\t\t\t\t\t\t<\/div>\n\t\t\t\t\t<\/div>\n\t\t\t\t<\/div>\n\t\t<div class=\"elementor-element elementor-element-4dfe17f e-flex e-con-boxed e-con e-parent\" data-id=\"4dfe17f\" data-element_type=\"container\">\n\t\t\t\t\t<div class=\"e-con-inner\">\n\t\t\t\t<div class=\"elementor-element elementor-element-d73dc5a elementor-widget elementor-widget-text-editor\" data-id=\"d73dc5a\" data-element_type=\"widget\" data-widget_type=\"text-editor.default\">\n\t\t\t\t\t\t\t\t\t<h5>Esteban Lelong<\/h5><p>Je fait partie de cette jeunesse qui s\u2019engage contre les injustices et ne se tait pas quant \u00e0 son insatisfaction face au monde contemporain. Partie de cette jeunesse engag\u00e9e pour la justice sociale et la d\u00e9mocratie qui a d\u00e9cid\u00e9 de s\u2019exprimer pour changer le monde alors qu\u2019on essaye de la faire taire. Et changer le monde, \u00e7a commence aussi localement \u00e0 l\u2019\u00e9chelle de ma ville.<\/p><p>Saint-Michellois depuis ma plus tendre enfance, j\u2019ai grandi et \u00e9volu\u00e9 au sein de cette ville, \u00e0 l\u2019\u00e9cole puis au Lyc\u00e9e Leonard de Vinci. Engag\u00e9 depuis 2019 au Parti Communiste Fran\u00e7ais, j\u2019ai connu mes premiers engagements en militant contre Parcoursup devant le lyc\u00e9e que j\u2019avais quitt\u00e9 quelques ann\u00e9es plus t\u00f4t.<\/p><p>\u00a0<\/p><p>Entraineur de baseball, je connais et je m\u2019interesse aux difficult\u00e9s que rencontrent les associations culturelles et sportives pour donner un acc\u00e8s \u00e0 ces activit\u00e9s pour tous les jeunes quelque soit leurs origines sociales. Ayant subi les caprices et l\u2019augmentation des prix des transports publics, je donne \u00e0 ces enjeux une importance majeure dans ma pr\u00e9sence dans la campagne.<\/p>\t\t\t\t\t\t\t\t<\/div>\n\t\t\t\t\t<\/div>\n\t\t\t\t<\/div>\n\t\t<div class=\"elementor-element elementor-element-eaab621 e-flex e-con-boxed e-con e-parent\" data-id=\"eaab621\" data-element_type=\"container\">\n\t\t\t\t\t<div class=\"e-con-inner\">\n\t\t\t\t<div class=\"elementor-element elementor-element-048a6e8 elementor-widget elementor-widget-menu-anchor\" data-id=\"048a6e8\" data-element_type=\"widget\" data-widget_type=\"menu-anchor.default\">\n\t\t\t\t\t\t\t<div class=\"elementor-menu-anchor\" id=\"SophieNayac\"><\/div>\n\t\t\t\t\t\t<\/div>\n\t\t\t\t\t<\/div>\n\t\t\t\t<\/div>\n\t\t<div class=\"elementor-element elementor-element-ac294be e-flex e-con-boxed e-con e-parent\" data-id=\"ac294be\" data-element_type=\"container\">\n\t\t\t\t\t<div class=\"e-con-inner\">\n\t\t\t\t<div class=\"elementor-element elementor-element-c82d975 elementor-widget elementor-widget-text-editor\" data-id=\"c82d975\" data-element_type=\"widget\" data-widget_type=\"text-editor.default\">\n\t\t\t\t\t\t\t\t\t<p>Lorem ipsum dolor sit amet, consectetur adipiscing elit. Ut elit tellus, luctus nec ullamcorper mattis, pulvinar dapibus leo.<\/p>\t\t\t\t\t\t\t\t<\/div>\n\t\t\t\t\t<\/div>\n\t\t\t\t<\/div>\n\t\t<div class=\"elementor-element elementor-element-740a253 e-flex e-con-boxed e-con e-parent\" data-id=\"740a253\" data-element_type=\"container\">\n\t\t\t\t\t<div class=\"e-con-inner\">\n\t\t\t\t<div class=\"elementor-element elementor-element-1174924 elementor-widget elementor-widget-text-editor\" data-id=\"1174924\" data-element_type=\"widget\" data-widget_type=\"text-editor.default\">\n\t\t\t\t\t\t\t\t\t<h5><span class=\"x193iq5w xeuugli x13faqbe x1vvkbs xlh3980 xvmahel x1n0sxbx x1lliihq x1s928wv xhkezso x1gmr53x x1cpjm7i x1fgarty x1943h6x xudqn12 x3x7a5m x6prxxf xvq8zen xo1l8bm xzsf02u\" dir=\"auto\">Sophie Nayac<\/span><\/h5><p><span class=\"x193iq5w xeuugli x13faqbe x1vvkbs xlh3980 xvmahel x1n0sxbx x1lliihq x1s928wv xhkezso x1gmr53x x1cpjm7i x1fgarty x1943h6x xudqn12 x3x7a5m x6prxxf xvq8zen xo1l8bm xzsf02u\" dir=\"auto\">J&rsquo;habite Saint-Michel-sur-orge depuis 2005 dans le quartier Gambetta. Je suis cadre \u00e0 la Poste et \u00e9lue au CSE du Groupe La Poste. Je suis tr\u00e8s attach\u00e9e au service public et je souhaite favoriser leur extension au niveau communal par la mise en place de r\u00e9gie publique pour un acc\u00e8s \u00e9galitaire et proche des administr\u00e9s sur les sujets essentiels comme la production d&rsquo;\u00e9nergie renouvelable, les transports en commun ou la gestion des d\u00e9chets.<br class=\"html-br\" \/><br class=\"html-br\" \/>Je souhaite \u00e9galement favoriser l&rsquo;intervention et la consultation des administr\u00e9s sur les grands sujets communaux : les projets d&rsquo;am\u00e9nagement, l&rsquo;organisation des temps p\u00e9riscolaires, les tarifs des services communaux.<br class=\"html-br\" \/><br class=\"html-br\" \/>Enfin je veux favoriser la vie associative qui permet d&rsquo;encourager l&rsquo;entraide et permet \u00ab\u00a0le vivre ensemble\u00a0\u00bb. Il est important de mettre \u00e0 disposition des lieux d&rsquo;\u00e9change et d&rsquo;\u00e9laborer des crit\u00e8res objectifs et justes pour l&rsquo;attribution des subventions. Il faut associer les responsables d&rsquo;associations \u00e0 la d\u00e9finition de ces crit\u00e8res en toute transparence.<br class=\"html-br\" \/><br class=\"html-br\" \/>Faire de Saint Michel sur Orge, une ville o\u00f9 il fait bon vivre, une ville solidaire et attentive aux plus d\u00e9munis.<\/span><\/p>\t\t\t\t\t\t\t\t<\/div>\n\t\t\t\t\t<\/div>\n\t\t\t\t<\/div>\n\t\t<div class=\"elementor-element elementor-element-4084fa8 e-flex e-con-boxed e-con e-parent\" data-id=\"4084fa8\" data-element_type=\"container\">\n\t\t\t\t\t<div class=\"e-con-inner\">\n\t\t\t\t<div class=\"elementor-element elementor-element-696961d elementor-widget elementor-widget-menu-anchor\" data-id=\"696961d\" data-element_type=\"widget\" data-widget_type=\"menu-anchor.default\">\n\t\t\t\t\t\t\t<div class=\"elementor-menu-anchor\" id=\"ChristopheGirard\"><\/div>\n\t\t\t\t\t\t<\/div>\n\t\t\t\t\t<\/div>\n\t\t\t\t<\/div>\n\t\t<div class=\"elementor-element elementor-element-5e01f7a e-flex e-con-boxed e-con e-parent\" data-id=\"5e01f7a\" data-element_type=\"container\">\n\t\t\t\t\t<div class=\"e-con-inner\">\n\t\t\t\t<div class=\"elementor-element elementor-element-d648834 elementor-widget elementor-widget-text-editor\" data-id=\"d648834\" data-element_type=\"widget\" data-widget_type=\"text-editor.default\">\n\t\t\t\t\t\t\t\t\t<h5><span class=\"x193iq5w xeuugli x13faqbe x1vvkbs xlh3980 xvmahel x1n0sxbx x1lliihq x1s928wv xhkezso x1gmr53x x1cpjm7i x1fgarty x1943h6x xudqn12 x3x7a5m x6prxxf xvq8zen xo1l8bm xzsf02u\" dir=\"auto\">Christophe Girard<\/span><\/h5><p><span class=\"x193iq5w xeuugli x13faqbe x1vvkbs xlh3980 xvmahel x1n0sxbx x1lliihq x1s928wv xhkezso x1gmr53x x1cpjm7i x1fgarty x1943h6x xudqn12 x3x7a5m x6prxxf xvq8zen xo1l8bm xzsf02u\" dir=\"auto\">J&rsquo;habite \u00e0 cot\u00e9 de la gare, dans le quartier ancien, depuis 10 ans. J\u2019ai grandi dans une commune voisine. J\u2019aime notre ville et ses environs !<br class=\"html-br\" \/><br class=\"html-br\" \/>En famille, avec ma femme et nos 3 enfants, nous participons \u00e0 diff\u00e9rentes activit\u00e9s au sein d\u2019associations culturelles, sportives, de parents d\u2019\u00e9l\u00e8ves et sur les th\u00e8mes de l\u2019agriculture de proximit\u00e9 et de l\u2019alimentation.<br class=\"html-br\" \/><br class=\"html-br\" \/>Professionnel du d\u00e9veloppement local, j\u2019ai d\u00e9but\u00e9 mon parcours dans une communaut\u00e9 de communes et travaille maintenant dans un r\u00e9seau associatif national qui aide \u00e0 la cr\u00e9ation des commerces et services qui dynamisent l\u2019\u00e9conomie de proximit\u00e9.<br class=\"html-br\" \/><br class=\"html-br\" \/>Convaincu que l\u2019\u00e9cologie nous offre des opportunit\u00e9s de recr\u00e9er du lien social et de la solidarit\u00e9, c\u2019est dans cet esprit que je souhaite m\u2019engager avec vous dans cette liste d\u2019union de la gauche et des \u00e9cologistes.<\/span><\/p>\t\t\t\t\t\t\t\t<\/div>\n\t\t\t\t\t<\/div>\n\t\t\t\t<\/div>\n\t\t<div class=\"elementor-element elementor-element-80bdd61 e-flex e-con-boxed e-con e-parent\" data-id=\"80bdd61\" data-element_type=\"container\">\n\t\t\t\t\t<div class=\"e-con-inner\">\n\t\t\t\t<div class=\"elementor-element elementor-element-474e02c elementor-widget elementor-widget-menu-anchor\" data-id=\"474e02c\" data-element_type=\"widget\" data-widget_type=\"menu-anchor.default\">\n\t\t\t\t\t\t\t<div class=\"elementor-menu-anchor\" id=\"ElhameAkrim\"><\/div>\n\t\t\t\t\t\t<\/div>\n\t\t\t\t\t<\/div>\n\t\t\t\t<\/div>\n\t\t<div class=\"elementor-element elementor-element-6600285 e-flex e-con-boxed e-con e-parent\" data-id=\"6600285\" data-element_type=\"container\">\n\t\t\t\t\t<div class=\"e-con-inner\">\n\t\t\t\t<div class=\"elementor-element elementor-element-aca4652 elementor-widget elementor-widget-text-editor\" data-id=\"aca4652\" data-element_type=\"widget\" data-widget_type=\"text-editor.default\">\n\t\t\t\t\t\t\t\t\t<h5>Elhame Akrim<\/h5><p>Rendre \u00e0 cette ville qui m&rsquo;a vue grandir un peu de ce qu&rsquo;elle m&rsquo;a apport\u00e9 : une \u00e9ducation de qualit\u00e9, des accompagnements de proximit\u00e9, une ville anim\u00e9e par de nombreux \u00e9v\u00e9nements culturels, festifs et rassembleurs.<br \/>Donner plus de place aux associations, mobiliser les seniors mais aussi la jeunesse, r\u00e9tablir le dialogue interg\u00e9n\u00e9rationnel, faciliter l&rsquo;installation de commerces de proximit\u00e9.<br \/>Sur la liste Unis Saint Michel pour tous sans \u00e9tiquette, je m&rsquo;engage aupr\u00e8s d&rsquo;Isabelle CATRAIN pour les municipales<br \/>2026. Mon souhait, c&rsquo;est de mettre \u00e0 contribution mes comp\u00e9tences, mon \u00e9nergie et la d\u00e9termination qui me caract\u00e9rise au profit du collectif et de l&rsquo;int\u00e9r\u00eat g\u00e9n\u00e9ral.<br \/>J&rsquo;ai fait des \u00e9tudes de droit en ce sens, anim\u00e9e par un profond souci de justice et d&rsquo;\u00e9quit\u00e9. Je suis aussi soucieuse des probl\u00e9matiques environnementales, climatiques, j&rsquo;ai<br \/>conscience des enjeux qui se pr\u00e9sentent \u00e0 nous dans les prochaines ann\u00e9es.<br \/>Je mesure la chance que nous avons de vivre dans une d\u00e9mocratie. J&rsquo;aimerais que celle-ci soit plus participative. Je sais que beaucoup de choses se jouent \u00e0 l&rsquo;\u00e9chelle locale. Aussi, il est tr\u00e8s important de voter et prendre la juste mesure de ce choix qui va d\u00e9terminer les orientations politiques qui seront prises sur ce nouveau mandat de 7 ans.<\/p>\t\t\t\t\t\t\t\t<\/div>\n\t\t\t\t\t<\/div>\n\t\t\t\t<\/div>\n\t\t<div class=\"elementor-element elementor-element-9657b1a e-flex e-con-boxed e-con e-parent\" data-id=\"9657b1a\" data-element_type=\"container\">\n\t\t\t\t\t<div class=\"e-con-inner\">\n\t\t\t\t<div class=\"elementor-element elementor-element-a042082 elementor-widget elementor-widget-menu-anchor\" data-id=\"a042082\" data-element_type=\"widget\" data-widget_type=\"menu-anchor.default\">\n\t\t\t\t\t\t\t<div class=\"elementor-menu-anchor\" id=\"IvanVogel\"><\/div>\n\t\t\t\t\t\t<\/div>\n\t\t\t\t\t<\/div>\n\t\t\t\t<\/div>\n\t\t<div class=\"elementor-element elementor-element-850ec7f e-flex e-con-boxed e-con e-parent\" data-id=\"850ec7f\" data-element_type=\"container\">\n\t\t\t\t\t<div class=\"e-con-inner\">\n\t\t\t\t<div class=\"elementor-element elementor-element-043a850 elementor-widget elementor-widget-text-editor\" data-id=\"043a850\" data-element_type=\"widget\" data-widget_type=\"text-editor.default\">\n\t\t\t\t\t\t\t\t\t<h5>Ivan Vogel<\/h5><p>Enfin je suis \u00e9galement engag\u00e9 dans l&rsquo;association les Pionniers de France qui est<br \/>une<br \/>association d&rsquo;\u00e9ducation<br \/>populaire \u00e0 destination des enfants, c&rsquo;est donc en coh\u00e9rence que la question de l&rsquo;\u00e9mancipation des enfants me tient tout particuli\u00e8rement \u00e0 c\u0153ur. J&rsquo;ai par ailleurs cr\u00e9\u00e9 un groupe dans le quartier du bois des roches dans lequel J&rsquo;ai eu l&rsquo;occasion d&rsquo;animer avec des amis plusieurs activit\u00e9s gratuites pour tous les enfants du quartier.<br \/>Pour toutes ces raisons, je m&rsquo;engage sur la liste Unis, Saint-Michel pour tous pour offrir \u00e0 notre ville l&rsquo;alternative dont elle a besoin face \u00e0 18 ans de politiques de droite de la mairesse madame Rigault !<\/p>\t\t\t\t\t\t\t\t<\/div>\n\t\t\t\t\t<\/div>\n\t\t\t\t<\/div>\n\t\t<div class=\"elementor-element elementor-element-c5043b8 e-flex e-con-boxed e-con e-parent\" data-id=\"c5043b8\" data-element_type=\"container\">\n\t\t\t\t\t<div class=\"e-con-inner\">\n\t\t\t\t<div class=\"elementor-element elementor-element-efeb104 elementor-widget elementor-widget-menu-anchor\" data-id=\"efeb104\" data-element_type=\"widget\" data-widget_type=\"menu-anchor.default\">\n\t\t\t\t\t\t\t<div class=\"elementor-menu-anchor\" id=\"StephanieAumont\"><\/div>\n\t\t\t\t\t\t<\/div>\n\t\t\t\t\t<\/div>\n\t\t\t\t<\/div>\n\t\t<div class=\"elementor-element elementor-element-30c3f51 e-flex e-con-boxed e-con e-parent\" data-id=\"30c3f51\" data-element_type=\"container\">\n\t\t\t\t\t<div class=\"e-con-inner\">\n\t\t\t\t<div class=\"elementor-element elementor-element-43bb51a elementor-widget elementor-widget-text-editor\" data-id=\"43bb51a\" data-element_type=\"widget\" data-widget_type=\"text-editor.default\">\n\t\t\t\t\t\t\t\t\t<h5>St\u00e9phanie Aumont<\/h5><p>Je suis aussi m\u00e8re de deux enfants, l&rsquo;un scolaris\u00e9 \u00e0 l&rsquo;\u00e9cole primaire et l&rsquo;autre en maternelle.<br \/>Comme beaucoup de familles, je vis au quotidien les enjeux de l&rsquo;\u00e9cole, des d\u00e9placements et de l&rsquo;organisation du temps familial. C&rsquo;est pourquoi je d\u00e9fends notamment un \u00e9largissement des horaires du p\u00e9riscolaire, le matin comme le soir, pour mieux r\u00e9pondre aux contraintes des parents et garantir un accueil de qualit\u00e9 pour les enfants.<br \/>Engag\u00e9e dans la vie associative locale, notamment au sein d&rsquo;une AMAP, je m&rsquo;engage avec les \u00e9cologistes sur la liste municipale pour une ville plus vivable, en d\u00e9veloppant une mobilit\u00e9 cyclable s\u00fbre, notamment pour les trajets scolaires, plus vivante, fond\u00e9e sur les solidarit\u00e9s locales, et plus juste, attentive aux r\u00e9alit\u00e9s de chacun.<br \/>S&rsquo;engager localement avec les \u00e9cologistes, c&rsquo;est agir concr\u00e8tement pour le quotidien des habitantes et des habitants, renforcer le collectif et pr\u00e9parer l&rsquo;avenir avec responsabilit\u00e9.<br \/>C&rsquo;est ainsi que je con\u00e7ois mon engagement pour Saint-Michel-sur-Orge.<\/p>\t\t\t\t\t\t\t\t<\/div>\n\t\t\t\t\t<\/div>\n\t\t\t\t<\/div>\n\t\t<div class=\"elementor-element elementor-element-85eec15 e-flex e-con-boxed e-con e-parent\" data-id=\"85eec15\" data-element_type=\"container\">\n\t\t\t\t\t<div class=\"e-con-inner\">\n\t\t\t\t<div class=\"elementor-element elementor-element-1d1b6be elementor-widget elementor-widget-menu-anchor\" data-id=\"1d1b6be\" data-element_type=\"widget\" data-widget_type=\"menu-anchor.default\">\n\t\t\t\t\t\t\t<div class=\"elementor-menu-anchor\" id=\"NicolasCharles\"><\/div>\n\t\t\t\t\t\t<\/div>\n\t\t\t\t\t<\/div>\n\t\t\t\t<\/div>\n\t\t<div class=\"elementor-element elementor-element-585cfd2 e-flex e-con-boxed e-con e-parent\" data-id=\"585cfd2\" data-element_type=\"container\">\n\t\t\t\t\t<div class=\"e-con-inner\">\n\t\t\t\t<div class=\"elementor-element elementor-element-8327e1a elementor-widget elementor-widget-text-editor\" data-id=\"8327e1a\" data-element_type=\"widget\" data-widget_type=\"text-editor.default\">\n\t\t\t\t\t\t\t\t\t<h5>Nicolas Charles<\/h5><p>Saint-Michellois depuis toujours, j&rsquo;ai eu \u00e0 c\u0153ur de m&rsquo;engager dans cette campagne municipale en tant que socialiste et de contribuer au projet que nous portons pour rendre notre ville plus vivante, plus vivable et plus juste.<br \/>J&rsquo;ai grandi \u00e0 Saint Michel et j&rsquo;y ai effectu\u00e9 l&rsquo;int\u00e9gralit\u00e9 de ma scolarit\u00e9, de l&rsquo;\u00e9cole Blaise Pascal au lyc\u00e9e L\u00e9onard de Vinci, en passant par le coll\u00e8ge Nicolas Boileau. Apr\u00e8s des \u00e9tudes d&rsquo;ing\u00e9nieur et de sciences politiques, je suis aujourd&rsquo;hui chef de cabinet au sein d&rsquo;une PME.<br \/>Cette proximit\u00e9 avec<br \/>Saint-Michel-sur-Orge<br \/>renforce mon engagement et ma volont\u00e9 de la redynamiser. Habitant \u00e0 proximit\u00e9 du centre<br \/>commercial, j&rsquo;allais faire mes courses \u00e0 G\u00e9ant Casino.<br \/>Plus d&rsquo;un an et demi apr\u00e8s sa fermeture, aucune alternative satisfaisante n&rsquo;a \u00e9t\u00e9 trouv\u00e9e. Mes valeurs socialistes et mon parcours me donnent envie de mettre mes comp\u00e9tences au service de notre ville.<\/p><p>Une ville plus vivante, plus vivable et plus juste, c&rsquo;est une ville dans laquelle un centre<br \/>commercial est ouvert et ou un march\u00e9 est install\u00e9. C&rsquo;est une ville dans laquelle tous les habitants se sentent en s\u00e9curit\u00e9 et o\u00f9 des \u00e9v\u00e9nements sont organis\u00e9s pour tous et toutes, comme lors de la F\u00eate de la musique et la F\u00eate nationale du 14 juillet. C&rsquo;est une ville dans laquelle les habitants sont \u00e9cout\u00e9s et leurs id\u00e9es valoris\u00e9es.<br \/>C&rsquo;est avec cet \u00e9tat d&rsquo;esprit que j&rsquo;ai souhait\u00e9 m&rsquo;engager aupr\u00e8s d&rsquo;Isabelle<br \/>Catrain-Goudeau pour les \u00e9lections municipales.<\/p>\t\t\t\t\t\t\t\t<\/div>\n\t\t\t\t\t<\/div>\n\t\t\t\t<\/div>\n\t\t<div class=\"elementor-element elementor-element-897fcf4 e-flex e-con-boxed e-con e-parent\" data-id=\"897fcf4\" data-element_type=\"container\">\n\t\t\t\t\t<div class=\"e-con-inner\">\n\t\t\t\t<div class=\"elementor-element elementor-element-9ed7366 elementor-widget elementor-widget-menu-anchor\" data-id=\"9ed7366\" data-element_type=\"widget\" data-widget_type=\"menu-anchor.default\">\n\t\t\t\t\t\t\t<div class=\"elementor-menu-anchor\" id=\"ChristineDesmond\"><\/div>\n\t\t\t\t\t\t<\/div>\n\t\t\t\t\t<\/div>\n\t\t\t\t<\/div>\n\t\t<div class=\"elementor-element elementor-element-7e13fb8 e-flex e-con-boxed e-con e-parent\" data-id=\"7e13fb8\" data-element_type=\"container\">\n\t\t\t\t\t<div class=\"e-con-inner\">\n\t\t\t\t<div class=\"elementor-element elementor-element-2d921b0 elementor-widget elementor-widget-text-editor\" data-id=\"2d921b0\" data-element_type=\"widget\" data-widget_type=\"text-editor.default\">\n\t\t\t\t\t\t\t\t\t<p>Lorem ipsum dolor sit amet, consectetur adipiscing elit. Ut elit tellus, luctus nec ullamcorper mattis, pulvinar dapibus leo.<\/p>\t\t\t\t\t\t\t\t<\/div>\n\t\t\t\t\t<\/div>\n\t\t\t\t<\/div>\n\t\t<div class=\"elementor-element elementor-element-c1fdf5e e-flex e-con-boxed e-con e-parent\" data-id=\"c1fdf5e\" data-element_type=\"container\">\n\t\t\t\t\t<div class=\"e-con-inner\">\n\t\t\t\t<div class=\"elementor-element elementor-element-f79a3f0 elementor-widget elementor-widget-text-editor\" data-id=\"f79a3f0\" data-element_type=\"widget\" data-widget_type=\"text-editor.default\">\n\t\t\t\t\t\t\t\t\t<h5>Christine Desmond<\/h5><p>Saint-Michelloise depuis plus de 45 ans, mon action pour notre ville est ancr\u00e9e dans le concret. J&rsquo;ai longtemps d\u00e9fendu les droits des familles comme parente d&rsquo;\u00e9l\u00e8ve \u00e0 la FCPE, avant de fonder l&rsquo;association pour les sinistr\u00e9s de la s\u00e9cheresse de 2003.<br \/>Forte de mon parcours militant syndical et de mon implication actuelle chez<br \/>Indecosa, je souhaite aujourd&rsquo;hui<br \/>mettre cette exp\u00e9rience au service de notre commune. Mon ambition est de porter une voix solidaire, guid\u00e9e par des valeurs de justice, de fraternit\u00e9 et d&rsquo;\u00e9galit\u00e9 pour chaque habitant.<\/p>\t\t\t\t\t\t\t\t<\/div>\n\t\t\t\t\t<\/div>\n\t\t\t\t<\/div>\n\t\t<div class=\"elementor-element elementor-element-15f3a72 e-flex e-con-boxed e-con e-parent\" data-id=\"15f3a72\" data-element_type=\"container\">\n\t\t\t\t\t<div class=\"e-con-inner\">\n\t\t\t\t<div class=\"elementor-element elementor-element-a168008 elementor-widget elementor-widget-menu-anchor\" data-id=\"a168008\" data-element_type=\"widget\" data-widget_type=\"menu-anchor.default\">\n\t\t\t\t\t\t\t<div class=\"elementor-menu-anchor\" id=\"ChristianPiccolo\"><\/div>\n\t\t\t\t\t\t<\/div>\n\t\t\t\t\t<\/div>\n\t\t\t\t<\/div>\n\t\t<div class=\"elementor-element elementor-element-5c37c38 e-flex e-con-boxed e-con e-parent\" data-id=\"5c37c38\" data-element_type=\"container\">\n\t\t\t\t\t<div class=\"e-con-inner\">\n\t\t\t\t<div class=\"elementor-element elementor-element-3e5554f elementor-widget elementor-widget-text-editor\" data-id=\"3e5554f\" data-element_type=\"widget\" data-widget_type=\"text-editor.default\">\n\t\t\t\t\t\t\t\t\t<h5>Christian Piccolo<\/h5><p>Arriv\u00e9 par hasard \u00e0 Saint Michel, j&rsquo;y suis compl\u00e8tement install\u00e9 et j&rsquo;y fais ma vie depuis 40 ans.<br \/>Je sais ce que s&rsquo;engager pour sa ville veut dire. Je l&rsquo;ai fait hier comme parent d&rsquo;\u00e9l\u00e8ve et \u00e0 la<br \/>\u2022 pr\u00e9sidence d&rsquo;un club<br \/>sportif.<br \/>Je continue aujourd&rsquo;hui pour l&rsquo;animation de mon quartier et aupr\u00e8s des plus pr\u00e9caires en tant que b\u00e9n\u00e9vole au sein d&rsquo;une association caritative et \u00e0 la pr\u00e9sidence d&rsquo;une autre qui assure une mission de service public du d\u00e9partement \u00e0 Saint-Michel et dans les communes voisines.<\/p><p>J&rsquo;ai prolong\u00e9 cet engagement comme conseiller municipal et d\u00e9l\u00e9gu\u00e9 \u00e0 la communaut\u00e9 d&rsquo;agglom\u00e9ration au cours du mandat qui s&rsquo;ach\u00e8ve.<br \/>Cadre au sein de plusieurs minist\u00e8res (\u00e9ducation nationale, agriculture,<br \/>d\u00e9veloppement durable, int\u00e9rieur), j&rsquo;ai acquis une bonne ma\u00eetrise de l&rsquo;action et de la gestion publiques.<br \/>Membre des \u00e9cologistes, je m&rsquo;inscris avec volontarisme dans le projet port\u00e9 par la liste Unis, Saint-Michel pour tous avec l&rsquo;ambition de contribuer \u00e0 donner \u00e0 notre ville le pr\u00e9sent et le futur que ses habitant.es m\u00e9ritent.<\/p>\t\t\t\t\t\t\t\t<\/div>\n\t\t\t\t\t<\/div>\n\t\t\t\t<\/div>\n\t\t<div class=\"elementor-element elementor-element-fce4a4e e-flex e-con-boxed e-con e-parent\" data-id=\"fce4a4e\" data-element_type=\"container\">\n\t\t\t\t\t<div class=\"e-con-inner\">\n\t\t\t\t<div class=\"elementor-element elementor-element-ef545a9 elementor-widget elementor-widget-menu-anchor\" data-id=\"ef545a9\" data-element_type=\"widget\" data-widget_type=\"menu-anchor.default\">\n\t\t\t\t\t\t\t<div class=\"elementor-menu-anchor\" id=\"HeleneTamura\"><\/div>\n\t\t\t\t\t\t<\/div>\n\t\t\t\t\t<\/div>\n\t\t\t\t<\/div>\n\t\t<div class=\"elementor-element elementor-element-89242e5 e-flex e-con-boxed e-con e-parent\" data-id=\"89242e5\" data-element_type=\"container\">\n\t\t\t\t\t<div class=\"e-con-inner\">\n\t\t\t\t<div class=\"elementor-element elementor-element-bf576fb elementor-widget elementor-widget-text-editor\" data-id=\"bf576fb\" data-element_type=\"widget\" data-widget_type=\"text-editor.default\">\n\t\t\t\t\t\t\t\t\t<h5>H\u00e9l\u00e8ne Tamura<\/h5><p>Saint-Michelloise depuis ma plus tendre enfance, je suis profond\u00e9ment attach\u00e9e \u00e0 notre ville.<br \/>Tr\u00e8s t\u00f4t, j&rsquo;ai \u00e9t\u00e9 guid\u00e9e par des valeurs<br \/>d&rsquo;engagement et de solidarit\u00e9, notamment au sein de l&rsquo;APES, \u00e0 travers des actions de soutien scolaire, puis comme parent d&rsquo;\u00e9l\u00e8ve de la maternelle au lyc\u00e9e, ce qui m&rsquo;a permis de mieux comprendre les enjeux \u00e9ducatifs locaux.<br \/>Aujourd&rsquo;hui, en tant que socialiste et convaincue que la ville a besoin d&rsquo;un nouvel \u00e9lan, j&rsquo;ai choisi de m&rsquo;engager dans ces \u00e9lections municipales avec l&rsquo;envie d&rsquo;\u00eatre utile et de contribuer, \u00e0 mon niveau, \u00e0 son avenir. Au sein d&rsquo;une gauche rassembl\u00e9e, nous portons un projet attentif aux habitants, \u00e0 leur cadre de vie et \u00e0 leurs besoins.<br \/>Nous voulons am\u00e9liorer les mobilit\u00e9s et les transports pour faciliter le quotidien de chacun, pr\u00e9server notre cadre de vie en refusant une b\u00e9tonisation sans vision, et faire de la s\u00e9curit\u00e9 et du bien-\u00eatre des habitants une priorit\u00e9 pleinement assum\u00e9e.<\/p><p>Le centre commercial, aujourd&rsquo;hui d\u00e9laiss\u00e9, doit \u00eatre repense pour redevenir un lieu de vie attractif.<br \/>L&rsquo;installation du centre de police municipale en son cour est une proposition concr\u00e8te pour renforcer \u00e0 la fois la s\u00e9curit\u00e9 et la pr\u00e9sence de services de proximit\u00e9.<br \/>Saint-Michel-sur-Orge doit redevenir une ville dynamique, choisie et v\u00e9cue pleinement par ses habitants. Il est temps de passer \u00e0 l&rsquo;action, ensemble, pour lui redonner ambition et fiert\u00e9.<\/p>\t\t\t\t\t\t\t\t<\/div>\n\t\t\t\t\t<\/div>\n\t\t\t\t<\/div>\n\t\t<div class=\"elementor-element elementor-element-ec25602 e-flex e-con-boxed e-con e-parent\" data-id=\"ec25602\" data-element_type=\"container\">\n\t\t\t\t\t<div class=\"e-con-inner\">\n\t\t\t\t<div class=\"elementor-element elementor-element-4cda4dd elementor-widget elementor-widget-menu-anchor\" data-id=\"4cda4dd\" data-element_type=\"widget\" data-widget_type=\"menu-anchor.default\">\n\t\t\t\t\t\t\t<div class=\"elementor-menu-anchor\" id=\"YannBenoist\"><\/div>\n\t\t\t\t\t\t<\/div>\n\t\t\t\t\t<\/div>\n\t\t\t\t<\/div>\n\t\t<div class=\"elementor-element elementor-element-e781a5e e-flex e-con-boxed e-con e-parent\" data-id=\"e781a5e\" data-element_type=\"container\">\n\t\t\t\t\t<div class=\"e-con-inner\">\n\t\t\t\t<div class=\"elementor-element elementor-element-c3db758 elementor-widget elementor-widget-text-editor\" data-id=\"c3db758\" data-element_type=\"widget\" data-widget_type=\"text-editor.default\">\n\t\t\t\t\t\t\t\t\t<h5>Yann Benoist<\/h5><p>Habitant de Saint Michel sur orge depuis 2001, je me sens particuli\u00e8rement concern\u00e9 par les questions de lutte contre la pr\u00e9carit\u00e9 et les discriminations, de d\u00e9mocratie directe et d&rsquo;\u00e9cologie.<br \/>Membre du PEPS (pour une \u00e9cologie populaire et sociale), je consid\u00e8re que ces questions sont indissociables, tant au niveau national qu&rsquo;au niveau local.<br \/>Anthropologue de profession, je pense que le d\u00e9bat d&rsquo;id\u00e9es est indispensable \u00e0 la vie d&rsquo;une ville. C&rsquo;est pourquoi je pr\u00e9side le cercle Jean Jaur\u00e8s de Saint-Michel-sur-Orge.<\/p><p>Depuis que je vis \u00e0 Saint-Michel-sur-orge, je n&rsquo;ai fait que constater la d\u00e9gradation des conditions de vie sur la commune, en particulier en ce qui concerne la frange la plus pr\u00e9caire des habitants.<br \/>Je suis notamment convaincu qu&rsquo;il est urgent de mettre en place un centre municipal de sant\u00e9 accessible toutes et tous et \u00e0 tout moment.<br \/>Pour toutes ces raisons, j&rsquo;ai rejoint la liste Unis, Saint Michel pour tous men\u00e9e par Isabelle Catrain.<\/p>\t\t\t\t\t\t\t\t<\/div>\n\t\t\t\t\t<\/div>\n\t\t\t\t<\/div>\n\t\t<div class=\"elementor-element elementor-element-74414c3 e-flex e-con-boxed e-con e-parent\" data-id=\"74414c3\" data-element_type=\"container\">\n\t\t\t\t\t<div class=\"e-con-inner\">\n\t\t\t\t<div class=\"elementor-element elementor-element-324500f elementor-widget elementor-widget-menu-anchor\" data-id=\"324500f\" data-element_type=\"widget\" data-widget_type=\"menu-anchor.default\">\n\t\t\t\t\t\t\t<div class=\"elementor-menu-anchor\" id=\"NaimaMehrez\"><\/div>\n\t\t\t\t\t\t<\/div>\n\t\t\t\t\t<\/div>\n\t\t\t\t<\/div>\n\t\t<div class=\"elementor-element elementor-element-11c8c2a e-flex e-con-boxed e-con e-parent\" data-id=\"11c8c2a\" data-element_type=\"container\">\n\t\t\t\t\t<div class=\"e-con-inner\">\n\t\t\t\t<div class=\"elementor-element elementor-element-d154b66 elementor-widget elementor-widget-text-editor\" data-id=\"d154b66\" data-element_type=\"widget\" data-widget_type=\"text-editor.default\">\n\t\t\t\t\t\t\t\t\t<h5>Naima Mehrez<\/h5><p>Originaire de la Tunisie, je suis consultante en informatique et r\u00e9side dans le quartier Fontaine de l Orme depuis quinze ans.<br \/>Tr\u00e8s t\u00f4t engag\u00e9e, j&rsquo;ai \u00e9t\u00e9 militante \u00e9tudiante avant de m&rsquo;investir durablement dans la d\u00e9fense des libert\u00e9s, de la solidarit\u00e9 et des droits humains, notamment au sein d&rsquo;associations \u0153uvrant pour les personnes issues de l&rsquo;immigration.<br \/>Aujourd&rsquo;hui, je m&rsquo;engage dans cette campagne municipale pour promouvoir davantage de solidarit\u00e9 envers les habitants en difficult\u00e9 et lutter contre l&rsquo;isolement des seniors, en particulier ceux qui vivent seuls.<br \/>Je souhaite \u00e9galement \u0153uvrer pour que chaque habitant puisse faire entendre sa voix dans les grandes d\u00e9cisions et les projets structurants de notre commune, qu&rsquo;il s&rsquo;agisse de sant\u00e9, de p\u00e9riscolaire ou encore de charges locatives<\/p>\t\t\t\t\t\t\t\t<\/div>\n\t\t\t\t<div class=\"elementor-element elementor-element-1805129 elementor-widget elementor-widget-menu-anchor\" data-id=\"1805129\" data-element_type=\"widget\" data-widget_type=\"menu-anchor.default\">\n\t\t\t\t\t\t\t<div class=\"elementor-menu-anchor\" id=\"YannBruneau\"><\/div>\n\t\t\t\t\t\t<\/div>\n\t\t\t\t\t<\/div>\n\t\t\t\t<\/div>\n\t\t<div class=\"elementor-element elementor-element-6ba1bf4 e-flex e-con-boxed e-con e-parent\" data-id=\"6ba1bf4\" data-element_type=\"container\">\n\t\t\t\t\t<div class=\"e-con-inner\">\n\t\t\t\t<div class=\"elementor-element elementor-element-0186459 elementor-widget elementor-widget-text-editor\" data-id=\"0186459\" data-element_type=\"widget\" data-widget_type=\"text-editor.default\">\n\t\t\t\t\t\t\t\t\t<h5>Yann Bruneau<\/h5><p>Je travaille au sein de collectivit\u00e9s<br \/>territoriales de l&rsquo;Essonne depuis une trentaine d&rsquo;ann\u00e9es et dirige depuis 8 ans les services techniques d&rsquo;une ville de 30000 habitants.<br \/>Voyageur, j&rsquo;aime l&rsquo;\u00e9tude de la ville, ce qui est n\u00e9cessaire pour un territoire de vie attractif, et mon implication pour Saint Michel tient \u00e0 un attachement v\u00e9ritable \u00e0 la situation des villes de banlieue et les particularismes de la vie de ceux qui y habitent.<\/p>\t\t\t\t\t\t\t\t<\/div>\n\t\t\t\t\t<\/div>\n\t\t\t\t<\/div>\n\t\t<div class=\"elementor-element elementor-element-2fbd091 e-flex e-con-boxed e-con e-parent\" data-id=\"2fbd091\" data-element_type=\"container\">\n\t\t\t\t\t<div class=\"e-con-inner\">\n\t\t\t\t<div class=\"elementor-element elementor-element-da68fb6 elementor-widget elementor-widget-menu-anchor\" data-id=\"da68fb6\" data-element_type=\"widget\" data-widget_type=\"menu-anchor.default\">\n\t\t\t\t\t\t\t<div class=\"elementor-menu-anchor\" id=\"NathalieJasmin\"><\/div>\n\t\t\t\t\t\t<\/div>\n\t\t\t\t\t<\/div>\n\t\t\t\t<\/div>\n\t\t<div class=\"elementor-element elementor-element-bba47f6 e-flex e-con-boxed e-con e-parent\" data-id=\"bba47f6\" data-element_type=\"container\">\n\t\t\t\t\t<div class=\"e-con-inner\">\n\t\t\t\t<div class=\"elementor-element elementor-element-5318c13 elementor-widget elementor-widget-text-editor\" data-id=\"5318c13\" data-element_type=\"widget\" data-widget_type=\"text-editor.default\">\n\t\t\t\t\t\t\t\t\t<h5>Nathalie Jasmin<\/h5><p>Pour que Saint Michel sur Orge redevienne une ville vivante, vivable et plus juste, j&rsquo;ai choisi de rejoindre la liste Unis, Saint Michel Pour Tous.<br \/>J&rsquo;ai 57 ans et travaille pour une association investie dans l&rsquo;insertion professionnelle de travailleurs handicap\u00e9s.<br \/>Saint Michelloise depuis 27 ans, je me suis longtemps investie en tant que repr\u00e9sentante de parents d&rsquo;\u00e9l\u00e8ves, puis comme accompagnatrice pour l&rsquo;aide aux devoirs. Et, parce que m&rsquo;impliquer dans la vie associative a toujours \u00e9t\u00e9 une \u00e9vidence pour moi, je suis maintenant b\u00e9n\u00e9vole au Centre social pour les cours de Fran\u00e7ais Langue \u00c9trang\u00e8re.<br \/>J&rsquo;ai maintenant envie de r\u00e9investir toutes ces exp\u00e9riences au service des habitants de ma ville.<br \/>Beaucoup de d\u00e9fis sont \u00e0 relever parmi lequel celui de donner \u00e0 tous les moyens de pr\u00e9server sa sant\u00e9, de faire grandir ses enfants et de s&rsquo;\u00e9panouir dans un cadre agr\u00e9able.<br \/>Je suis convaincue que nous ne pourrons atteindre ces objectifs sans la participation du plus grand nombre, en co-construction. Car, pour vivre ensemble, il faut FAIRE ENSEMBLE !<\/p>\t\t\t\t\t\t\t\t<\/div>\n\t\t\t\t\t<\/div>\n\t\t\t\t<\/div>\n\t\t<div class=\"elementor-element elementor-element-faaad25 e-flex e-con-boxed e-con e-parent\" data-id=\"faaad25\" data-element_type=\"container\">\n\t\t\t\t\t<div class=\"e-con-inner\">\n\t\t\t\t<div class=\"elementor-element elementor-element-457cc24 elementor-widget elementor-widget-menu-anchor\" data-id=\"457cc24\" data-element_type=\"widget\" data-widget_type=\"menu-anchor.default\">\n\t\t\t\t\t\t\t<div class=\"elementor-menu-anchor\" id=\"MohsenBalti\"><\/div>\n\t\t\t\t\t\t<\/div>\n\t\t\t\t\t<\/div>\n\t\t\t\t<\/div>\n\t\t<div class=\"elementor-element elementor-element-9f3b622 e-flex e-con-boxed e-con e-parent\" data-id=\"9f3b622\" data-element_type=\"container\">\n\t\t\t\t\t<div class=\"e-con-inner\">\n\t\t\t\t<div class=\"elementor-element elementor-element-9ce5fef elementor-widget elementor-widget-text-editor\" data-id=\"9ce5fef\" data-element_type=\"widget\" data-widget_type=\"text-editor.default\">\n\t\t\t\t\t\t\t\t\t<h5>Mohsen Balti<\/h5><p>Je suis consultant informatique, je suis d\u00e9l\u00e9gu\u00e9 du personnel et syndicaliste dans mon entreprise.<br \/>Je suis n\u00e9 et j&rsquo;ai grandi \u00e0 Tunis. J&rsquo;ai commenc\u00e9 mon engagement politique en militant au sein du syndicat \u00e9tudiant UGET, j&rsquo;ai ensuite adh\u00e9r\u00e9 et milit\u00e9 au sein du parti communiste des ouvriers de Tunisie et c&rsquo;est donc l\u00e0 qu&rsquo;on m&rsquo;a inculqu\u00e9 les valeurs de la libert\u00e9, la solidarit\u00e9 et la justice sociale.<br \/>J&rsquo;ai milit\u00e9, pendant longtemps, au sein des associations de l&rsquo;immigration et de<br \/>d\u00e9fense des droits de l&rsquo;homme.<br \/>J&rsquo;habite la rue Jacques Brel au quartier fontaine de l&rsquo;Orme.<\/p><p>J&rsquo;aime le sport et je joue au foot avec une \u00e9quipe de v\u00e9t\u00e9rans dans ma ville. Je me battrais pour plus de moyens et<br \/>d&rsquo;\u00e9quipements sportifs accessible \u00e0 tous.<br \/>Je suis \u00e9galement, et c&rsquo;est \u00e0 ce titre que je me pr\u00e9sente sur la liste Unis Saint-Michel pour tous, le pr\u00e9sident du collectif Solidarit\u00e9 Palestine \u00e0 Saint-Michel sur Orge.<br \/>Je me pr\u00e9sente sur la liste de gauche et des \u00e9cologistes pour d\u00e9fendre un projet politique en accord avec nos valeurs et pour d\u00e9fendre les int\u00e9r\u00eats de tous et des services publics pour tous.<\/p>\t\t\t\t\t\t\t\t<\/div>\n\t\t\t\t\t<\/div>\n\t\t\t\t<\/div>\n\t\t<div class=\"elementor-element elementor-element-6e0e34e e-flex e-con-boxed e-con e-parent\" data-id=\"6e0e34e\" data-element_type=\"container\">\n\t\t\t\t\t<div class=\"e-con-inner\">\n\t\t\t\t<div class=\"elementor-element elementor-element-98afd53 elementor-widget elementor-widget-menu-anchor\" data-id=\"98afd53\" data-element_type=\"widget\" data-widget_type=\"menu-anchor.default\">\n\t\t\t\t\t\t\t<div class=\"elementor-menu-anchor\" id=\"HejerMajerbi\"><\/div>\n\t\t\t\t\t\t<\/div>\n\t\t\t\t\t<\/div>\n\t\t\t\t<\/div>\n\t\t<div class=\"elementor-element elementor-element-62a7c0d e-flex e-con-boxed e-con e-parent\" data-id=\"62a7c0d\" data-element_type=\"container\">\n\t\t\t\t\t<div class=\"e-con-inner\">\n\t\t\t\t<div class=\"elementor-element elementor-element-7dfed94 elementor-widget elementor-widget-text-editor\" data-id=\"7dfed94\" data-element_type=\"widget\" data-widget_type=\"text-editor.default\">\n\t\t\t\t\t\t\t\t\t<h5>Hejer Majerbi<\/h5><p>Investie depuis plusieurs ann\u00e9es aux c\u00f4t\u00e9s des familles et des enfants, je participe activement \u00e0 la vie locale au sein d&rsquo;une f\u00e9d\u00e9ration de parents d&rsquo;\u00e9l\u00e8ves.<br \/>Mon engagement repose sur des valeurs simples : cr\u00e9er du lien, encourager la solidarit\u00e9 et favoriser des moments conviviaux \u00e0 taille humaine, o\u00f9 chacun se sent bien et \u00e9cout\u00e9.<br \/>Attach\u00e9e \u00e0 la transparence et \u00e0 la justice sociale, je suis particuli\u00e8rement sensible aux difficult\u00e9s que rencontrent de nombreux locataires face \u00e0 la hausse des loyers et \u00e0 des charges souvent peu claires. Une meilleure communication des bailleurs et un contr\u00f4le renforc\u00e9 sont indispensables pour garantir \u00e0 chacun un cadre de vie juste, \u00e9quilibr\u00e9 et solidaire.<\/p><p>Je souhaite \u00e9galement une r\u00e9vision \u00e9quitable de la grille des tarifs au quotient familial pour la restauration scolaire et le p\u00e9riscolaire.<br \/>Chaque enfant doit pouvoir r\u00e9ussir et s&rsquo;\u00e9panouir dans les meilleures conditions, avec des \u00e9coles soutenues et des parents mieux accompagn\u00e9s.<br \/>Je m&rsquo;engage pour une ville vivante, propre, s\u00fbre et anim\u00e9e, dot\u00e9e d&rsquo;une meilleure qualit\u00e9 de vie, o\u00f9 la jeunesse et les habitants participent activement \u00e0 la vie locale.<br \/>Une ville dynamique, dot\u00e9e de commerces de proximit\u00e9, d&rsquo;un v\u00e9ritable march\u00e9 attractif.<br \/>Tous unis pour faire grandir Saint-Michel-sur-Orge : une ville pour tous, par tous.<\/p>\t\t\t\t\t\t\t\t<\/div>\n\t\t\t\t\t<\/div>\n\t\t\t\t<\/div>\n\t\t<div class=\"elementor-element elementor-element-3062063 e-flex e-con-boxed e-con e-parent\" data-id=\"3062063\" data-element_type=\"container\">\n\t\t\t\t\t<div class=\"e-con-inner\">\n\t\t\t\t<div class=\"elementor-element elementor-element-d06e220 elementor-widget elementor-widget-menu-anchor\" data-id=\"d06e220\" data-element_type=\"widget\" data-widget_type=\"menu-anchor.default\">\n\t\t\t\t\t\t\t<div class=\"elementor-menu-anchor\" id=\"AlexisMichenaud\"><\/div>\n\t\t\t\t\t\t<\/div>\n\t\t\t\t\t<\/div>\n\t\t\t\t<\/div>\n\t\t<div class=\"elementor-element elementor-element-af6ff0f e-flex e-con-boxed e-con e-parent\" data-id=\"af6ff0f\" data-element_type=\"container\">\n\t\t\t\t\t<div class=\"e-con-inner\">\n\t\t\t\t<div class=\"elementor-element elementor-element-7b60d82 elementor-widget elementor-widget-text-editor\" data-id=\"7b60d82\" data-element_type=\"widget\" data-widget_type=\"text-editor.default\">\n\t\t\t\t\t\t\t\t\t<p>Lorem ipsum dolor sit amet, consectetur adipiscing elit. Ut elit tellus, luctus nec ullamcorper mattis, pulvinar dapibus leo.<\/p>\t\t\t\t\t\t\t\t<\/div>\n\t\t\t\t\t<\/div>\n\t\t\t\t<\/div>\n\t\t<div class=\"elementor-element elementor-element-31d28a9 e-flex e-con-boxed e-con e-parent\" data-id=\"31d28a9\" data-element_type=\"container\">\n\t\t\t\t\t<div class=\"e-con-inner\">\n\t\t\t\t<div class=\"elementor-element elementor-element-06a817a elementor-widget elementor-widget-text-editor\" data-id=\"06a817a\" data-element_type=\"widget\" data-widget_type=\"text-editor.default\">\n\t\t\t\t\t\t\t\t\t<h5>Alexis Michenaud<\/h5><p>Habitant de Saint-Michel-sur-Orge depuis toujours dans le quartier de Villagexpo, je suis t\u00e9moin au quotidien de l&rsquo;essoufflement de notre commune. Professionnel du cycle, le v\u00e9lo est pour moi bien plus qu&rsquo;un m\u00e9tier: c&rsquo;est mon mode de d\u00e9placement principal, pour le travail comme pour les loisirs. Pourtant, force est de constater que derri\u00e8re les discours, notre ville devient une ville-dortoir o\u00f9 circuler en s\u00e9curit\u00e9 est un d\u00e9fi permanent \u00e0 cause d&rsquo;am\u00e9nagements mal con\u00e7us ou n\u00e9glig\u00e9s.<br \/>Ce manque de dynamisme se ressent aussi dans nos services publics et nos commerces, un d\u00e9clin<br \/>brutalement illustr\u00e9 par la fermeture de G\u00e9ant Casino.<br \/>En tant que militant du Parti Communiste Fran\u00e7ais, je refuse cette fatalit\u00e9. Je m&rsquo;engage sur la liste Unis Saint-Michel Pour Tous pour que chaque habitant puisse acc\u00e9der \u00e0 des commerces et services de proximit\u00e9 et \u00e0 des espaces de d\u00e9tente, sans que chaque besoin de<br \/>\u00ab\u00a0d\u00e9connexion\u00a0\u00bb ne devienne une contrainte d&rsquo;organisation et pour que la vie ne se r\u00e9sume plus au \u00ab m\u00e9tro-boulot-dodo \u00bb.<br \/>Ensemble, redonnons \u00e0<br \/>Saint-Michel l&rsquo;\u00e9lan d&rsquo;une ville vivante, vivable et plus juste.<\/p>\t\t\t\t\t\t\t\t<\/div>\n\t\t\t\t\t<\/div>\n\t\t\t\t<\/div>\n\t\t<div class=\"elementor-element elementor-element-805cbc6 e-flex e-con-boxed e-con e-parent\" data-id=\"805cbc6\" data-element_type=\"container\">\n\t\t\t\t\t<div class=\"e-con-inner\">\n\t\t\t\t<div class=\"elementor-element elementor-element-112b995 elementor-widget elementor-widget-menu-anchor\" data-id=\"112b995\" data-element_type=\"widget\" data-widget_type=\"menu-anchor.default\">\n\t\t\t\t\t\t\t<div class=\"elementor-menu-anchor\" id=\"JessicaKlar\"><\/div>\n\t\t\t\t\t\t<\/div>\n\t\t\t\t\t<\/div>\n\t\t\t\t<\/div>\n\t\t<div class=\"elementor-element elementor-element-0cb8080 e-flex e-con-boxed e-con e-parent\" data-id=\"0cb8080\" data-element_type=\"container\">\n\t\t\t\t\t<div class=\"e-con-inner\">\n\t\t\t\t<div class=\"elementor-element elementor-element-216d0f1 elementor-widget elementor-widget-text-editor\" data-id=\"216d0f1\" data-element_type=\"widget\" data-widget_type=\"text-editor.default\">\n\t\t\t\t\t\t\t\t\t<h5>Jessica Klar<\/h5><p>Je suis Ing\u00e9nieure de projets de recherche dans un laboratoire du plateau universitaire Paris-Saclay et je suis locataire rue des Tiphoines au quartier ancien \u00e0 Saint-Michel-sur-Orge.<br \/>Mes pr\u00e9occupations tournent principalement autour de la justice sociale, la conservation des espaces naturels, le changement<br \/>climatique et le respect du vivant.<br \/>D&rsquo;origine allemande, polyglotte et passionn\u00e9e des cultures du monde, je me suis install\u00e9 \u00e0 Saint-Michel-sur-Orge il y a deux ans. Attir\u00e9 par cette ville \u00e0 proximit\u00e9 d&rsquo;un poumon vert, je d\u00e9couvre la r\u00e9gion parisienne apr\u00e8s plusieurs ann\u00e9es dans le sud de la France.<\/p><p>Ayant observ\u00e9 des probl\u00e9matiques assez frappantes dans la gestion de la ville, je me suis engag\u00e9 avec la liste d&rsquo;union de la gauche port\u00e9 par d&rsquo;Isabelle Catrain pour proposer une alternative aux politiques de la droite actuelles.<br \/>Fond\u00e9 sur mes valeurs de solidarit\u00e9<br \/>humaine et \u00e9cologistes, je souhaite aider \u00e0 transformer la ville pour lui donner un nouveau souffle de vie \u00e9galitaire, inclusif et humaniste et participer \u00e0 redonner par exemple un meilleur acc\u00e8s aux soins m\u00e9dicaux, aux activit\u00e9s associatives, ou aux services et besoins essentiels des citoyens et citoyennes.<\/p>\t\t\t\t\t\t\t\t<\/div>\n\t\t\t\t\t<\/div>\n\t\t\t\t<\/div>\n\t\t<div class=\"elementor-element elementor-element-0f9cb3f e-flex e-con-boxed e-con e-parent\" data-id=\"0f9cb3f\" data-element_type=\"container\">\n\t\t\t\t\t<div class=\"e-con-inner\">\n\t\t\t\t<div class=\"elementor-element elementor-element-e20747d elementor-widget elementor-widget-menu-anchor\" data-id=\"e20747d\" data-element_type=\"widget\" data-widget_type=\"menu-anchor.default\">\n\t\t\t\t\t\t\t<div class=\"elementor-menu-anchor\" id=\"BernardMuller\"><\/div>\n\t\t\t\t\t\t<\/div>\n\t\t\t\t\t<\/div>\n\t\t\t\t<\/div>\n\t\t<div class=\"elementor-element elementor-element-88fba6e e-flex e-con-boxed e-con e-parent\" data-id=\"88fba6e\" data-element_type=\"container\">\n\t\t\t\t\t<div class=\"e-con-inner\">\n\t\t\t\t<div class=\"elementor-element elementor-element-37fff11 elementor-widget elementor-widget-text-editor\" data-id=\"37fff11\" data-element_type=\"widget\" data-widget_type=\"text-editor.default\">\n\t\t\t\t\t\t\t\t\t<h5>Bernard M\u00fcller<\/h5><p>Saint-Michellois engag\u00e9 dans la vie culturelle locale, je souhaite mettre mon exp\u00e9rience au service de projets cr\u00e9atifs, ouverts et accessibles \u00e0 tous.<br \/>N\u00e9 \u00e0 Munich en 1966 d&rsquo;une m\u00e8re fran\u00e7aise et d&rsquo;un p\u00e8re allemand, j&rsquo;ai grandi entre l&rsquo;Allemagne, l&rsquo;Afrique de l&rsquo;Ouest et la France.<br \/>Ce parcours m&rsquo;a donn\u00e9 le go\u00fbt des \u00e9changes, des arts et de la transmission.<br \/>Anthropologue de formation, j&rsquo;ai men\u00e9 et accompagn\u00e9 de nombreux projets culturels et \u00e9ducatifs. Install\u00e9 \u00e0 Saint-Michel-sur-Orge depuis 1996, apr\u00e8s plusieurs ann\u00e9es pass\u00e9es en Allemagne (2015-2025), je fais aujourd&rsquo;hui partie de l&rsquo;\u00e9quipe de l&rsquo;association des Structures Baschet et souhaite contribuer activement \u00e0 des initiatives locales, conviviales et participatives.<\/p>\t\t\t\t\t\t\t\t<\/div>\n\t\t\t\t\t<\/div>\n\t\t\t\t<\/div>\n\t\t<div class=\"elementor-element elementor-element-d0bd61b e-flex e-con-boxed e-con e-parent\" data-id=\"d0bd61b\" data-element_type=\"container\">\n\t\t\t\t\t<div class=\"e-con-inner\">\n\t\t\t\t<div class=\"elementor-element elementor-element-a079f11 elementor-widget elementor-widget-menu-anchor\" data-id=\"a079f11\" data-element_type=\"widget\" data-widget_type=\"menu-anchor.default\">\n\t\t\t\t\t\t\t<div class=\"elementor-menu-anchor\" id=\"SophieGandemer\"><\/div>\n\t\t\t\t\t\t<\/div>\n\t\t\t\t\t<\/div>\n\t\t\t\t<\/div>\n\t\t<div class=\"elementor-element elementor-element-a880a70 e-flex e-con-boxed e-con e-parent\" data-id=\"a880a70\" data-element_type=\"container\">\n\t\t\t\t\t<div class=\"e-con-inner\">\n\t\t\t\t<div class=\"elementor-element elementor-element-d1b5aca elementor-widget elementor-widget-text-editor\" data-id=\"d1b5aca\" data-element_type=\"widget\" data-widget_type=\"text-editor.default\">\n\t\t\t\t\t\t\t\t\t<h5>Sophie Gandemer<\/h5><p>J&rsquo;ai emm\u00e9nag\u00e9 \u00e0 St Michel il y a presque quarante ans dans une ville historiquement ancr\u00e9e \u00e0 gauche. La droite est arriv\u00e9e \u00e0 la mairie en 2008 de fa\u00e7on totalement inattendue.<br \/>Aujourd&rsquo;hui, enfin, l&rsquo;union de la gauche et des \u00e9cologistes permet d&rsquo;envisager une alternative, c&rsquo;est pourquoi j&rsquo;ai d\u00e9cid\u00e9 de m&rsquo;engager, sans \u00e9tiquette, aupr\u00e8s de la liste Unis, St Michel pour tous.<br \/>J&rsquo;ai suivi la scolarit\u00e9 de mes trois enfants au lyc\u00e9e dans une association de parents d&rsquo;\u00e9l\u00e8ves et je me suis engag\u00e9e de nombreuses ann\u00e9es \u00e0 l&rsquo;APE, association des parents d&rsquo;\u00e9l\u00e8ves du conservatoire de musique.<\/p><p>Comme ing\u00e9nieure j&rsquo;ai accompagn\u00e9 par le biais du tutorat des jeunes de milieux populaires vers de \u00e9tudes sup\u00e9rieures, j&rsquo;ai<br \/>\u00e9galement agi pour susciter des vocations f\u00e9minines pour les carri\u00e8res scientifiques.<br \/>Je suis adh\u00e9rente dans une AMAP ainsi que dans une \u00e9picerie solidaire et participative. Je suis passionn\u00e9e de musique, je chante dans plusieurs formations dans la r\u00e9gion et suis pr\u00e9sidente d&rsquo;un troupe d&rsquo;op\u00e9rette.<br \/>Depuis 18 ans, j&rsquo;ai constat\u00e9 la lente d\u00e9gradation de notre ville qui est devenue une cit\u00e9 dortoir o\u00f9 il n&rsquo;y a quasiment plus de commerces.<br \/>Notre programme permettra que Saint-Michel reprenne vie et que des projets porteurs et rassembleurs r\u00e9veillent les habitants de toutes g\u00e9n\u00e9rations afin de retrouver une ville vivante, vivable et plus juste !<\/p><p>\u00a0<\/p>\t\t\t\t\t\t\t\t<\/div>\n\t\t\t\t\t<\/div>\n\t\t\t\t<\/div>\n\t\t<div class=\"elementor-element elementor-element-77052c0 e-flex e-con-boxed e-con e-parent\" data-id=\"77052c0\" data-element_type=\"container\">\n\t\t\t\t\t<div class=\"e-con-inner\">\n\t\t\t\t<div class=\"elementor-element elementor-element-c7e71a9 elementor-widget elementor-widget-menu-anchor\" data-id=\"c7e71a9\" data-element_type=\"widget\" data-widget_type=\"menu-anchor.default\">\n\t\t\t\t\t\t\t<div class=\"elementor-menu-anchor\" id=\"ValentinHeck\"><\/div>\n\t\t\t\t\t\t<\/div>\n\t\t\t\t\t<\/div>\n\t\t\t\t<\/div>\n\t\t<div class=\"elementor-element elementor-element-e50eefa e-flex e-con-boxed e-con e-parent\" data-id=\"e50eefa\" data-element_type=\"container\">\n\t\t\t\t\t<div class=\"e-con-inner\">\n\t\t\t\t<div class=\"elementor-element elementor-element-14a1b45 elementor-widget elementor-widget-text-editor\" data-id=\"14a1b45\" data-element_type=\"widget\" data-widget_type=\"text-editor.default\">\n\t\t\t\t\t\t\t\t\t<h5>Valentin Heck<\/h5><p>J&rsquo;ai 29 ans, je suis Professeur des \u00e9coles \u00e0 Saint-Michel-sur Orge.<br \/>Install\u00e9 \u00e0 Saint-Michel-sur-Orge depuis juillet 2025, j&rsquo;ai souhait\u00e9 m&rsquo;engager au sein de la liste \u00ab Unis, Saint-Michel pour tous ! \u00bb avec enthousiasme et conviction.<br \/>Au quotidien, mon m\u00e9tier m&rsquo;informe des r\u00e9alit\u00e9s des familles et de la vie locale.<br \/>Motive et investi, je veux participer activement \u00e0 un projet collectif au service des habitants de Saint-Michel-sur-Orge.<\/p>\t\t\t\t\t\t\t\t<\/div>\n\t\t\t\t\t<\/div>\n\t\t\t\t<\/div>\n\t\t<div class=\"elementor-element elementor-element-2789b0e e-flex e-con-boxed e-con e-parent\" data-id=\"2789b0e\" data-element_type=\"container\">\n\t\t\t\t\t<div class=\"e-con-inner\">\n\t\t\t\t<div class=\"elementor-element elementor-element-970410c elementor-widget elementor-widget-menu-anchor\" data-id=\"970410c\" data-element_type=\"widget\" data-widget_type=\"menu-anchor.default\">\n\t\t\t\t\t\t\t<div class=\"elementor-menu-anchor\" id=\"CecileGuillemot\"><\/div>\n\t\t\t\t\t\t<\/div>\n\t\t\t\t\t<\/div>\n\t\t\t\t<\/div>\n\t\t<div class=\"elementor-element elementor-element-a76bd65 e-flex e-con-boxed e-con e-parent\" data-id=\"a76bd65\" data-element_type=\"container\">\n\t\t\t\t\t<div class=\"e-con-inner\">\n\t\t\t\t<div class=\"elementor-element elementor-element-089f749 elementor-widget elementor-widget-text-editor\" data-id=\"089f749\" data-element_type=\"widget\" data-widget_type=\"text-editor.default\">\n\t\t\t\t\t\t\t\t\t<h5>C\u00e9cile Guillemot<\/h5><p>J&rsquo;habite le quartier du Bois des roches depuis 20 ans, que j&rsquo;ai choisi pour son cadre naturel et la richesse de sa vie associative.<br \/>J&rsquo;ai travaill\u00e9 dans le champ de la petite enfance, du handicap et de la culture.<br \/>De par mon parcours, je suis sensibilis\u00e9e \u00e0 l&rsquo;acc\u00e8s aux droits, aux soins et \u00e0 la culture pour tous.<br \/>Je rejoins la liste \u00ab\u00a0Unis, saint Michel pour tous\u00a0\u00bb pour recr\u00e9er une ville accueillante en proposant des espaces conviviaux, des lieux de rencontre et de partage, supports \u00e0 l&rsquo;\u00e9mergence de projets port\u00e9s par les habitants.<\/p>\t\t\t\t\t\t\t\t<\/div>\n\t\t\t\t\t<\/div>\n\t\t\t\t<\/div>\n\t\t\t\t<\/div>\n\t\t","protected":false},"excerpt":{"rendered":"<p>Isabelle Catrain D\u00e9claration de candidature Saint Michellois, Saint Michelloises, je vous souhaite une tr\u00e8s bonne ann\u00e9e 2026\u00a0! Comme vous le savez, les 15 et 22 mars prochains, vous choisirez une nouvelle \u00e9quipe municipale pour notre ville.\u00a0 Vous aurez le choix de voter pour la continuit\u00e9 d\u2019une politique de droite exerc\u00e9e depuis 18 ans, ou celui [&hellip;]<\/p>\n","protected":false},"author":1,"featured_media":0,"parent":0,"menu_order":0,"comment_status":"closed","ping_status":"closed","template":"","meta":{"footnotes":""},"class_list":["post-1018","page","type-page","status-publish","hentry"],"_links":{"self":[{"href":"https:\/\/unispourtous.fr\/index.php\/wp-json\/wp\/v2\/pages\/1018","targetHints":{"allow":["GET"]}}],"collection":[{"href":"https:\/\/unispourtous.fr\/index.php\/wp-json\/wp\/v2\/pages"}],"about":[{"href":"https:\/\/unispourtous.fr\/index.php\/wp-json\/wp\/v2\/types\/page"}],"author":[{"embeddable":true,"href":"https:\/\/unispourtous.fr\/index.php\/wp-json\/wp\/v2\/users\/1"}],"replies":[{"embeddable":true,"href":"https:\/\/unispourtous.fr\/index.php\/wp-json\/wp\/v2\/comments?post=1018"}],"version-history":[{"count":13,"href":"https:\/\/unispourtous.fr\/index.php\/wp-json\/wp\/v2\/pages\/1018\/revisions"}],"predecessor-version":[{"id":1042,"href":"https:\/\/unispourtous.fr\/index.php\/wp-json\/wp\/v2\/pages\/1018\/revisions\/1042"}],"wp:attachment":[{"href":"https:\/\/unispourtous.fr\/index.php\/wp-json\/wp\/v2\/media?parent=1018"}],"curies":[{"name":"wp","href":"https:\/\/api.w.org\/{rel}","templated":true}]}}