{"id":1003,"date":"2026-03-08T21:41:23","date_gmt":"2026-03-08T21:41:23","guid":{"rendered":"https:\/\/unispourtous.fr\/?page_id=1003"},"modified":"2026-03-08T21:44:43","modified_gmt":"2026-03-08T21:44:43","slug":"newsletter3","status":"publish","type":"page","link":"https:\/\/unispourtous.fr\/index.php\/newsletter3\/","title":{"rendered":"NewsLetter3"},"content":{"rendered":"\t\t<div data-elementor-type=\"wp-page\" data-elementor-id=\"1003\" class=\"elementor elementor-1003\" data-elementor-post-type=\"page\">\n\t\t\t\t<div class=\"elementor-element elementor-element-68d2c62 e-flex e-con-boxed e-con e-parent\" data-id=\"68d2c62\" data-element_type=\"container\">\n\t\t\t\t\t<div class=\"e-con-inner\">\n\t\t\t\t<div class=\"elementor-element elementor-element-2b45d33 elementor-widget elementor-widget-heading\" data-id=\"2b45d33\" data-element_type=\"widget\" data-widget_type=\"heading.default\">\n\t\t\t\t\t<h2 class=\"elementor-heading-title elementor-size-default\">EDITO<\/h2>\t\t\t\t<\/div>\n\t\t\t\t\t<\/div>\n\t\t\t\t<\/div>\n\t\t<div class=\"elementor-element elementor-element-2e6d384 e-flex e-con-boxed e-con e-parent\" data-id=\"2e6d384\" data-element_type=\"container\">\n\t\t\t\t\t<div class=\"e-con-inner\">\n\t\t\t\t<div class=\"elementor-element elementor-element-d40c7da elementor-widget elementor-widget-text-editor\" data-id=\"d40c7da\" data-element_type=\"widget\" data-widget_type=\"text-editor.default\">\n\t\t\t\t\t\t\t\t\t<p>\u00a0<\/p><div dir=\"auto\">C\u2019est officiel, depuis le 26 f\u00e9vrier, nous savons qu\u2019il n\u2019y aura que 2 listes \u00e0 Saint Michel sur Orge pour cette \u00e9lection municipale. Un duel signifie un seul tour, le dimanche 15 mars.<\/div><div dir=\"auto\"><strong>Chaque voix sera importante pour donner un nouveau souffle \u00e0 notre ville.<\/strong>\u00a0Si vous n\u2019\u00eates pas disponible pour voter, prenez contact sur\u00a0<a href=\"mailto:proc.uptous@orange.fr\" target=\"_blank\" rel=\"noopener\">proc.uptous@orange.fr<\/a>\u00a0pour que l\u2019on vous mette en relation avec un mandataire.<\/div><div dir=\"auto\">\u00a0<\/div><div dir=\"auto\">A l\u2019occasion des rencontres que nous faisons, des sujets de pr\u00e9occupation reviennent souvent pour lesquels <strong>nous proposons des r\u00e9ponses concr\u00e8tes<\/strong> autrement que ce que la majorit\u00e9 actuelle a fait ou n\u00e9glig\u00e9.<\/div>\t\t\t\t\t\t\t\t<\/div>\n\t\t\t\t\t<\/div>\n\t\t\t\t<\/div>\n\t\t<div class=\"elementor-element elementor-element-1dc35d8 e-flex e-con-boxed e-con e-parent\" data-id=\"1dc35d8\" data-element_type=\"container\">\n\t\t\t\t\t<div class=\"e-con-inner\">\n\t\t\t\t<div class=\"elementor-element elementor-element-516e47c elementor-widget elementor-widget-heading\" data-id=\"516e47c\" data-element_type=\"widget\" data-widget_type=\"heading.default\">\n\t\t\t\t\t<h2 class=\"elementor-heading-title elementor-size-default\">1\/ \u00c9cole et petite enfance : investir dans l\u2019avenir de nos enfants<\/h2>\t\t\t\t<\/div>\n\t\t\t\t\t<\/div>\n\t\t\t\t<\/div>\n\t\t<div class=\"elementor-element elementor-element-f97a486 e-flex e-con-boxed e-con e-parent\" data-id=\"f97a486\" data-element_type=\"container\">\n\t\t\t\t\t<div class=\"e-con-inner\">\n\t\t\t\t<div class=\"elementor-element elementor-element-0404791 elementor-widget elementor-widget-text-editor\" data-id=\"0404791\" data-element_type=\"widget\" data-widget_type=\"text-editor.default\">\n\t\t\t\t\t\t\t\t\t<div dir=\"auto\">Nous voulons une \u00e9cole soutenue par des services publics renforc\u00e9s, favorisant la r\u00e9ussite de tous les enfants. Cela signifie garantir \u00e0 chaque \u00e9l\u00e8ve les conditions d\u2019apprentissage, de s\u00e9curit\u00e9 et d\u2019\u00e9panouissement auxquelles il a droit, pr\u00e9venir le d\u00e9crochage scolaire, lutter contre le harc\u00e8lement et les in\u00e9galit\u00e9s de sant\u00e9. D\u00e8s la petite enfance, et tout au long de la scolarit\u00e9, nous agirons pour accompagner les familles, am\u00e9liorer les conditions d\u2019accueil et renforcer les dispositifs de pr\u00e9vention.<\/div><div dir=\"auto\">\u00a0<\/div><div dir=\"auto\">Parce que tout se construit d\u00e8s les premi\u00e8res ann\u00e9es, nous faisons de l\u2019enfance et de l\u2019\u00e9ducation une priorit\u00e9 municipale, avec :<\/div><div dir=\"auto\">\u00a0<\/div><h6 dir=\"auto\"><strong>\u2192 Une ATSEM par classe en maternelle<\/strong><\/h6><div dir=\"auto\">Pour assurer la s\u00e9curit\u00e9, l\u2019hygi\u00e8ne et l\u2019accompagnement des enfants dans l\u2019apprentissage de l\u2019autonomie. C\u2019est aussi permettre un meilleur suivi des \u00e9l\u00e8ves et un soutien concret \u00e0 l\u2019enseignant dans les activit\u00e9s p\u00e9dagogiques. Investir dans la maternelle, c\u2019est consolider les bases de la r\u00e9ussite scolaire.<\/div><div dir=\"auto\">\u00a0<\/div><h6 dir=\"auto\"><strong>\u2192 S\u00e9curiser les abords des \u00e9coles, en mettant en place des rues scolaires<\/strong><\/h6><div dir=\"auto\">Nous mettrons en place des rues scolaires s\u00e9curis\u00e9es aux heures d\u2019entr\u00e9e et de sortie des classes, lorsqu\u2019elles s\u2019y pr\u00eatent. Ces am\u00e9nagements permettront de cr\u00e9er des espaces apais\u00e9s, favorisant les mobilit\u00e9s douces et la convivialit\u00e9 entre parents, \u00e9l\u00e8ves et \u00e9quipes \u00e9ducatives. Faire la ville \u00e0 hauteur d\u2019enfant, c\u2019est am\u00e9liorer concr\u00e8tement la qualit\u00e9 de vie de tous et toutes.<\/div><div dir=\"auto\">\u00a0<\/div><h6 dir=\"auto\"><strong>\u2192 Une restauration scolaire publique de qualit\u00e9<\/strong><\/h6><div dir=\"auto\">En rejoignant le syndicat public de production de repas d\u00e9j\u00e0 constitu\u00e9 par plusieurs villes de l\u2019Agglom\u00e9ration. Ce choix permettra de sortir de la d\u00e9pendance aux grands groupes priv\u00e9s et de garantir une alimentation de qualit\u00e9, des produits achet\u00e9s en circuits courts aupr\u00e8s de producteurs locaux, et une offre v\u00e9g\u00e9tarienne syst\u00e9matique. Bien manger \u00e0 l\u2019\u00e9cole est un enjeu de sant\u00e9 publique et d\u2019\u00e9galit\u00e9.<\/div><div dir=\"auto\">\u00a0<\/div><h6 dir=\"auto\"><strong>\u2192 Cr\u00e9er un \u00e9quipement petite enfance aux Glaises<\/strong><\/h6><div dir=\"auto\">Pour r\u00e9pondre \u00e0 l\u2019\u00e9volution d\u00e9mographique et aux besoins des familles, nous cr\u00e9erons un \u00e9quipement petite enfance pr\u00e8s de la Mairie, rue des processions. Cette structure permettra d\u2019augmenter les capacit\u00e9s d\u2019accueil et d\u2019offrir un service public de proximit\u00e9, facilitant la conciliation entre vie familiale et vie professionnelle.<\/div><div dir=\"auto\">\u00a0<\/div><h6 dir=\"auto\"><strong>\u2192 Adapter le p\u00e9riscolaire aux besoins des familles<\/strong><\/h6><div dir=\"auto\">Nous \u00e9largirons les horaires du p\u00e9riscolaire afin de mieux les adapter aux contraintes professionnelles et de transport des parents. Nous augmenterons \u00e9galement les capacit\u00e9s d\u2019accueil des centres de loisirs et red\u00e9finirons les modalit\u00e9s d\u2019inscription pour les rendre plus simples, plus transparentes et plus \u00e9quitables. Un service p\u00e9riscolaire efficace est un soutien concret au quotidien des familles.<\/div><div dir=\"auto\">\u00a0<\/div><h6 dir=\"auto\"><strong>\u2192 Redonner un r\u00f4le central \u00e0 la Caisse des \u00c9coles<\/strong><\/h6><div dir=\"auto\">Nous redonnerons toute sa place \u00e0 la Caisse des \u00c9coles afin qu\u2019elle puisse pleinement assurer ses missions sociales et \u00e9ducatives, en lien avec les \u00e9quipes enseignantes. La revalorisation de la subvention qui lui est attribu\u00e9e permettra notamment d\u2019assurer la gratuit\u00e9 des fournitures scolaires et d\u2019accompagner davantage de parcours au sein du dispositif de r\u00e9ussite \u00e9ducative, pour pallier le d\u00e9sengagement de l\u2019\u00c9tat. Les partenariats avec les associations et les \u00e9quipements publics seront d\u00e9velopp\u00e9s, ce qui contribuera \u00e0 l\u2019ouverture d\u2019esprit et \u00e0 l\u2019\u00e9galit\u00e9 d\u2019acc\u00e8s de tous les enfants.<\/div><div dir=\"auto\">\u00a0<\/div><h6 dir=\"auto\"><strong>\u2192 Pr\u00e9venir les fragilit\u00e9s, lutter contre le harc\u00e8lement et soutenir les familles<\/strong><\/h6><div dir=\"auto\">Pour renforcer la pr\u00e9vention en milieu scolaire, il faut travailler au niveau intercommunal afin de mutualiser les moyens et de d\u00e9ployer une \u00e9quipe pluriprofessionnelle d\u00e9di\u00e9e qui interviendra notamment sur les troubles des apprentissages (dys et handicaps), la sant\u00e9 mentale, la pr\u00e9vention des maltraitances et la lutte contre le harc\u00e8lement scolaire. Parall\u00e8lement, nous renforcerons et \u00e9largirons les dispositifs de soutien \u00e0 la parentalit\u00e9, \u00e0 travers notamment le dispositif de R\u00e9ussite \u00e9ducative. Accompagner les familles face aux difficult\u00e9s \u00e9ducatives, sociales ou relationnelles est une condition essentielle pour pr\u00e9venir les situations de violence ou de d\u00e9crochage.<\/div>\t\t\t\t\t\t\t\t<\/div>\n\t\t\t\t\t<\/div>\n\t\t\t\t<\/div>\n\t\t<div class=\"elementor-element elementor-element-815b5de e-flex e-con-boxed e-con e-parent\" data-id=\"815b5de\" data-element_type=\"container\">\n\t\t\t\t\t<div class=\"e-con-inner\">\n\t\t\t\t<div class=\"elementor-element elementor-element-40b5dd1 elementor-widget elementor-widget-heading\" data-id=\"40b5dd1\" data-element_type=\"widget\" data-widget_type=\"heading.default\">\n\t\t\t\t\t<h2 class=\"elementor-heading-title elementor-size-default\">2\/ S\u00e9curit\u00e9 et pr\u00e9vention : r\u00e9tablir la tranquillit\u00e9 publique par la pr\u00e9sence humaine<\/h2>\t\t\t\t<\/div>\n\t\t\t\t\t<\/div>\n\t\t\t\t<\/div>\n\t\t<div class=\"elementor-element elementor-element-7150511 e-flex e-con-boxed e-con e-parent\" data-id=\"7150511\" data-element_type=\"container\">\n\t\t\t\t\t<div class=\"e-con-inner\">\n\t\t\t\t<div class=\"elementor-element elementor-element-9de0db2 elementor-widget elementor-widget-text-editor\" data-id=\"9de0db2\" data-element_type=\"widget\" data-widget_type=\"text-editor.default\">\n\t\t\t\t\t\t\t\t\t<div dir=\"auto\">Assurer la tranquillit\u00e9 publique est une exigence l\u00e9gitime des habitants. Mais le tout-s\u00e9curitaire n\u2019est pas la seule solution. Si l\u2019accumulation de cam\u00e9ras et de dispositifs r\u00e9pressifs suffisait, les r\u00e9sultats seraient incontestables et les chiffres parfaitement transparents. La s\u00e9curit\u00e9 ne peut se r\u00e9duire \u00e0 la surveillance. Elle suppose une action coh\u00e9rente, combinant pr\u00e9vention, dissuasion, m\u00e9diation et sanction. Elle exige aussi une compl\u00e9mentarit\u00e9 claire entre police municipale et police nationale, sans confusion des r\u00f4les.<\/div><div dir=\"auto\">\u00a0<\/div><h6 dir=\"auto\"><strong>Notre ambition est simple : renforcer la pr\u00e9sence humaine, clarifier les objectifs et coordonner tous les acteurs <\/strong>pour garantir durablement la tranquillit\u00e9 publique.<\/h6><div dir=\"auto\">\u00a0<\/div><h6 dir=\"auto\"><strong>\u2192 Une police municipale de proximit\u00e9, visible et accessible<\/strong><\/h6><div dir=\"auto\">Nous installerons le bureau de police municipale place Puttlingen. Ce choix permettra de rapprocher la police municipale des\u00a0<a href=\"http:\/\/habitant.es\/\">habitant.es<\/a>, d\u2019assurer davantage de visibilit\u00e9 et de disponibilit\u00e9, et de r\u00e9affirmer une pr\u00e9sence concr\u00e8te dans les quartiers. Implant\u00e9e au c\u0153ur de la ville, la police municipale sera plus facilement accessible pour les\u00a0<a href=\"http:\/\/habitant.es\/\">habitant.es<\/a>\u00a0souhaitant signaler un probl\u00e8me, d\u00e9poser une main courante ou simplement \u00e9changer.<\/div><div dir=\"auto\">Cette implantation strat\u00e9gique contribuera \u00e9galement \u00e0 redynamiser le quartier et \u00e0 se r\u00e9approprier un espace aujourd\u2019hui d\u00e9laiss\u00e9. La s\u00e9curit\u00e9 commence par la proximit\u00e9, la connaissance du terrain et le contact quotidien avec les\u00a0<a href=\"http:\/\/habitant.es\/\">habitant.es<\/a>.<\/div><div dir=\"auto\">Nous r\u00e9aliserons \u00e9galement un audit du fonctionnement de la vid\u00e9osurveillance afin d\u2019en d\u00e9finir les objectifs pr\u00e9cis et d\u2019en am\u00e9liorer l\u2019efficacit\u00e9. Le centre de supervision urbain qui permet d\u2019acc\u00e9der aux images sera int\u00e9gr\u00e9 \u00e0 proximit\u00e9 du poste de la police municipale.<\/div><div dir=\"auto\">\u00a0<\/div><h6 dir=\"auto\"><strong>\u2192 Faire du couple pr\u00e9vention\/r\u00e9pression le c\u0153ur de l\u2019action municipale<\/strong><\/h6><div dir=\"auto\">La s\u00e9curit\u00e9 ne peut \u00eatre efficace que si pr\u00e9vention et r\u00e9pression avancent ensemble. Nous cr\u00e9erons un service communal charg\u00e9 de coordonner les acteurs de terrain : ASVP, policiers municipaux, animateurs et \u00e9ducateurs, dans le respect du r\u00f4le de chacun.<\/div><div dir=\"auto\">Nous activerons enfin le Conseil Local de S\u00e9curit\u00e9 et de Pr\u00e9vention de la D\u00e9linquance (CLSPD), qui ne s\u2019est encore jamais r\u00e9uni depuis sa cr\u00e9ation en 2023. En plus de la Maire, un conseiller municipal sera d\u00e9sign\u00e9 pour l\u2019animer et lui donner toute son utilit\u00e9, notamment \u00e0 l\u2019\u00e9chelle intercommunale pour pr\u00e9venir les rixes.<\/div><div dir=\"auto\">Agir au plus pr\u00e8s du terrain, dans tous les quartiers, sera notre priorit\u00e9.<\/div><div dir=\"auto\">\u00a0<\/div><h6 dir=\"auto\"><strong>\u2192 Renforcer la m\u00e9diation et la pr\u00e9vention au quotidien<\/strong><\/h6><div dir=\"auto\">Nous renforcerons les moyens de la pr\u00e9vention sp\u00e9cialis\u00e9e, notamment par le soutien accru \u00e0 l\u2019association de pr\u00e9vention sp\u00e9cialis\u00e9e bas\u00e9e \u00e0 Saint-Michel. Pour apaiser les tensions au sein des espaces publics, nous cr\u00e9erons des postes de m\u00e9diateurs aux abords des coll\u00e8ges et du lyc\u00e9e.<\/div><div dir=\"auto\">Enfin, nous associerons les bailleurs, les associations, les professionnels de sant\u00e9 et les\u00a0<a href=\"http:\/\/habitant.es\/\">habitant.es<\/a>\u00a0\u00e0 la pr\u00e9vention de la consommation de stup\u00e9fiants et de produits dangereux tel que le protoxyde d\u2019azote.<\/div>\t\t\t\t\t\t\t\t<\/div>\n\t\t\t\t\t<\/div>\n\t\t\t\t<\/div>\n\t\t<div class=\"elementor-element elementor-element-073ac19 e-flex e-con-boxed e-con e-parent\" data-id=\"073ac19\" data-element_type=\"container\">\n\t\t\t\t\t<div class=\"e-con-inner\">\n\t\t\t\t<div class=\"elementor-element elementor-element-eda1ee8 elementor-widget elementor-widget-text-editor\" data-id=\"eda1ee8\" data-element_type=\"widget\" data-widget_type=\"text-editor.default\">\n\t\t\t\t\t\t\t\t\t<p><b>RETROUVEZ L&rsquo;INTEGRALITE DE <a href=\"https:\/\/unispourtous.fr\/wp-admin\/admin-ajax.php?action=tnptr&amp;nltr=NjsxMztodHRwczovL3VuaXNwb3VydG91cy5mci9pbmRleC5waHAvUHJvZ3JhbW1lLzs7MmRjZmEzMjcxN2QwM2QyNzljNTY2ZjNlMzgwMTcxMzU%3D\" target=\"_blank\" rel=\"noopener\">NOTRE PROGRAMME SUR UNISPOURTOUS.FR<\/a> ET BIENTOT DANS VOTRE BOITE AUX LETTRES<\/b><\/p>\t\t\t\t\t\t\t\t<\/div>\n\t\t\t\t\t<\/div>\n\t\t\t\t<\/div>\n\t\t<div class=\"elementor-element elementor-element-2890fad e-flex e-con-boxed e-con e-parent\" data-id=\"2890fad\" data-element_type=\"container\">\n\t\t\t\t\t<div class=\"e-con-inner\">\n\t\t\t\t<div class=\"elementor-element elementor-element-86f6cb4 elementor-widget elementor-widget-image\" data-id=\"86f6cb4\" data-element_type=\"widget\" data-widget_type=\"image.default\">\n\t\t\t\t\t\t\t\t\t\t\t\t\t\t\t<img fetchpriority=\"high\" decoding=\"async\" width=\"348\" height=\"493\" src=\"https:\/\/unispourtous.fr\/wp-content\/uploads\/2026\/03\/im1News4.png\" class=\"attachment-full size-full wp-image-1005\" alt=\"\" srcset=\"https:\/\/unispourtous.fr\/wp-content\/uploads\/2026\/03\/im1News4.png 348w, https:\/\/unispourtous.fr\/wp-content\/uploads\/2026\/03\/im1News4-212x300.png 212w\" sizes=\"(max-width: 348px) 100vw, 348px\" \/>\t\t\t\t\t\t\t\t\t\t\t\t\t\t\t<\/div>\n\t\t\t\t\t<\/div>\n\t\t\t\t<\/div>\n\t\t<div class=\"elementor-element elementor-element-292b49a e-flex e-con-boxed e-con e-parent\" data-id=\"292b49a\" data-element_type=\"container\">\n\t\t\t\t\t<div class=\"e-con-inner\">\n\t\t\t\t<div class=\"elementor-element elementor-element-63a63bc elementor-widget elementor-widget-image\" data-id=\"63a63bc\" data-element_type=\"widget\" data-widget_type=\"image.default\">\n\t\t\t\t\t\t\t\t\t\t\t\t\t\t\t<img decoding=\"async\" width=\"768\" height=\"432\" src=\"https:\/\/unispourtous.fr\/wp-content\/uploads\/2026\/03\/im1News41-768x432.png\" class=\"attachment-medium_large size-medium_large wp-image-1006\" alt=\"\" srcset=\"https:\/\/unispourtous.fr\/wp-content\/uploads\/2026\/03\/im1News41-768x432.png 768w, https:\/\/unispourtous.fr\/wp-content\/uploads\/2026\/03\/im1News41-300x169.png 300w, https:\/\/unispourtous.fr\/wp-content\/uploads\/2026\/03\/im1News41-1024x576.png 1024w, https:\/\/unispourtous.fr\/wp-content\/uploads\/2026\/03\/im1News41.png 1200w\" sizes=\"(max-width: 768px) 100vw, 768px\" \/>\t\t\t\t\t\t\t\t\t\t\t\t\t\t\t<\/div>\n\t\t\t\t\t<\/div>\n\t\t\t\t<\/div>\n\t\t<div class=\"elementor-element elementor-element-821dbb1 e-flex e-con-boxed e-con e-parent\" data-id=\"821dbb1\" data-element_type=\"container\">\n\t\t\t\t\t<div class=\"e-con-inner\">\n\t\t\t\t<div class=\"elementor-element elementor-element-81df0a9 elementor-widget elementor-widget-image\" data-id=\"81df0a9\" data-element_type=\"widget\" data-widget_type=\"image.default\">\n\t\t\t\t\t\t\t\t\t\t\t\t\t\t\t<img decoding=\"async\" width=\"600\" height=\"222\" src=\"https:\/\/unispourtous.fr\/wp-content\/uploads\/2026\/03\/im1News42.png\" class=\"attachment-2048x2048 size-2048x2048 wp-image-1007\" alt=\"\" srcset=\"https:\/\/unispourtous.fr\/wp-content\/uploads\/2026\/03\/im1News42.png 600w, https:\/\/unispourtous.fr\/wp-content\/uploads\/2026\/03\/im1News42-300x111.png 300w\" sizes=\"(max-width: 600px) 100vw, 600px\" \/>\t\t\t\t\t\t\t\t\t\t\t\t\t\t\t<\/div>\n\t\t\t\t\t<\/div>\n\t\t\t\t<\/div>\n\t\t\t\t<\/div>\n\t\t","protected":false},"excerpt":{"rendered":"<p>EDITO \u00a0 C\u2019est officiel, depuis le 26 f\u00e9vrier, nous savons qu\u2019il n\u2019y aura que 2 listes \u00e0 Saint Michel sur Orge pour cette \u00e9lection municipale. Un duel signifie un seul tour, le dimanche 15 mars.Chaque voix sera importante pour donner un nouveau souffle \u00e0 notre ville.\u00a0Si vous n\u2019\u00eates pas disponible pour voter, prenez contact sur\u00a0proc.uptous@orange.fr\u00a0pour [&hellip;]<\/p>\n","protected":false},"author":1,"featured_media":0,"parent":0,"menu_order":0,"comment_status":"closed","ping_status":"closed","template":"","meta":{"footnotes":""},"class_list":["post-1003","page","type-page","status-publish","hentry"],"_links":{"self":[{"href":"https:\/\/unispourtous.fr\/index.php\/wp-json\/wp\/v2\/pages\/1003","targetHints":{"allow":["GET"]}}],"collection":[{"href":"https:\/\/unispourtous.fr\/index.php\/wp-json\/wp\/v2\/pages"}],"about":[{"href":"https:\/\/unispourtous.fr\/index.php\/wp-json\/wp\/v2\/types\/page"}],"author":[{"embeddable":true,"href":"https:\/\/unispourtous.fr\/index.php\/wp-json\/wp\/v2\/users\/1"}],"replies":[{"embeddable":true,"href":"https:\/\/unispourtous.fr\/index.php\/wp-json\/wp\/v2\/comments?post=1003"}],"version-history":[{"count":4,"href":"https:\/\/unispourtous.fr\/index.php\/wp-json\/wp\/v2\/pages\/1003\/revisions"}],"predecessor-version":[{"id":1010,"href":"https:\/\/unispourtous.fr\/index.php\/wp-json\/wp\/v2\/pages\/1003\/revisions\/1010"}],"wp:attachment":[{"href":"https:\/\/unispourtous.fr\/index.php\/wp-json\/wp\/v2\/media?parent=1003"}],"curies":[{"name":"wp","href":"https:\/\/api.w.org\/{rel}","templated":true}]}}